{"id":466,"date":"2015-01-30T17:15:21","date_gmt":"2015-01-30T15:15:21","guid":{"rendered":"http:\/\/www.bachmann-museum.de\/?page_id=466"},"modified":"2026-03-05T07:50:30","modified_gmt":"2026-03-05T06:50:30","slug":"aktuelles","status":"publish","type":"page","link":"https:\/\/www.bachmann-museum.de\/?page_id=466","title":{"rendered":"Aktuelles"},"content":{"rendered":"<div class=\"entry-content\">\n<h2><strong>Ausstellung geschlossen <\/strong><\/h2>\n<p>Wegen umfangreicher Sanierungsma\u00dfnahmen ist die Ausstellung f\u00fcr Besucher derzeit geschlossen. Der idyllische Museumspark l\u00e4dt weiterhin zu einem Spaziergang in die Geschichte Bremerv\u00f6rdes ein. W\u00e4hrend der Sanierung bietet das Bachmann-Museum eine Reihe von Veranstaltungen an.<\/p>\n<p>Nach der Sanierung erwartet die Besucher eine abwechslungsreiche Ausstellung zur Geschichte der Region von den \u00e4ltesten Spuren der Erdgeschichte bis hin zu dem Leben der Menschen heute im zentralen Elbe-Weser-Dreieck.<\/p>\n<p>Die Verwaltung ist weiterhin dienstags bis freitags von 9 bis 12 Uhr erreichbar oder vereinbaren Sie gerne einen Termin (04761 \/ 983 4603).<\/p>\n<\/div>\n<p>Bachmann-Museum Bremerv\u00f6rde<br \/>\nAmtsallee 8<br \/>\n27432 Bremerv\u00f6rde<\/p>\n<p>Telefonnummer: 04761 \u2013 983 4603<br \/>\nEmail: museum@lk-row.de<\/p>\n<p style=\"text-align: justify;\">\n","protected":false},"excerpt":{"rendered":"<p>Ausstellung geschlossen Wegen umfangreicher Sanierungsma\u00dfnahmen ist die Ausstellung f\u00fcr Besucher derzeit geschlossen. Der idyllische Museumspark l\u00e4dt weiterhin zu einem Spaziergang in die Geschichte Bremerv\u00f6rdes ein. W\u00e4hrend der Sanierung bietet das Bachmann-Museum eine Reihe von Veranstaltungen an. Nach der Sanierung erwartet die Besucher eine abwechslungsreiche Ausstellung zur Geschichte der Region von den \u00e4ltesten Spuren der Erdgeschichte [&hellip;]<\/p>\n","protected":false},"author":1,"featured_media":0,"parent":0,"menu_order":2,"comment_status":"closed","ping_status":"open","template":"","meta":{"footnotes":""},"class_list":["post-466","page","type-page","status-publish","hentry"],"yoast_head":"<!-- This site is optimized with the Yoast SEO plugin v27.4 - https:\/\/yoast.com\/product\/yoast-seo-wordpress\/ -->\n<title>Aktuelles - Bachmann-Museum Bremerv\u00f6rde<\/title>\n<meta name=\"robots\" content=\"index, follow, max-snippet:-1, max-image-preview:large, max-video-preview:-1\" \/>\n<link rel=\"canonical\" href=\"https:\/\/www.bachmann-museum.de\/?page_id=466\" \/>\n<meta property=\"og:locale\" content=\"de_DE\" \/>\n<meta property=\"og:type\" content=\"article\" \/>\n<meta property=\"og:title\" content=\"Aktuelles - Bachmann-Museum Bremerv\u00f6rde\" \/>\n<meta property=\"og:description\" content=\"Ausstellung geschlossen Wegen umfangreicher Sanierungsma\u00dfnahmen ist die Ausstellung f\u00fcr Besucher derzeit geschlossen. Der idyllische Museumspark l\u00e4dt weiterhin zu einem Spaziergang in die Geschichte Bremerv\u00f6rdes ein. W\u00e4hrend der Sanierung bietet das Bachmann-Museum eine Reihe von Veranstaltungen an. Nach der Sanierung erwartet die Besucher eine abwechslungsreiche Ausstellung zur Geschichte der Region von den \u00e4ltesten Spuren der Erdgeschichte [&hellip;]\" \/>\n<meta property=\"og:url\" content=\"https:\/\/www.bachmann-museum.de\/?page_id=466\" \/>\n<meta property=\"og:site_name\" content=\"Bachmann-Museum Bremerv\u00f6rde\" \/>\n<meta property=\"article:modified_time\" content=\"2026-03-05T06:50:30+00:00\" \/>\n<meta name=\"twitter:card\" content=\"summary_large_image\" \/>\n<meta name=\"twitter:label1\" content=\"Gesch\u00e4tzte Lesezeit\" \/>\n\t<meta name=\"twitter:data1\" content=\"1\u00a0Minute\" \/>\n<script type=\"application\/ld+json\" class=\"yoast-schema-graph\">{\"@context\":\"https:\\\/\\\/schema.org\",\"@graph\":[{\"@type\":\"WebPage\",\"@id\":\"https:\\\/\\\/www.bachmann-museum.de\\\/?page_id=466\",\"url\":\"https:\\\/\\\/www.bachmann-museum.de\\\/?page_id=466\",\"name\":\"Aktuelles - Bachmann-Museum Bremerv\u00f6rde\",\"isPartOf\":{\"@id\":\"https:\\\/\\\/www.bachmann-museum.de\\\/#website\"},\"datePublished\":\"2015-01-30T15:15:21+00:00\",\"dateModified\":\"2026-03-05T06:50:30+00:00\",\"breadcrumb\":{\"@id\":\"https:\\\/\\\/www.bachmann-museum.de\\\/?page_id=466#breadcrumb\"},\"inLanguage\":\"de\",\"potentialAction\":[{\"@type\":\"ReadAction\",\"target\":[\"https:\\\/\\\/www.bachmann-museum.de\\\/?page_id=466\"]}]},{\"@type\":\"BreadcrumbList\",\"@id\":\"https:\\\/\\\/www.bachmann-museum.de\\\/?page_id=466#breadcrumb\",\"itemListElement\":[{\"@type\":\"ListItem\",\"position\":1,\"name\":\"Start\",\"item\":\"https:\\\/\\\/www.bachmann-museum.de\\\/\"},{\"@type\":\"ListItem\",\"position\":2,\"name\":\"Aktuelles\"}]},{\"@type\":\"WebSite\",\"@id\":\"https:\\\/\\\/www.bachmann-museum.de\\\/#website\",\"url\":\"https:\\\/\\\/www.bachmann-museum.de\\\/\",\"name\":\"Bachmann-Museum Bremerv\u00f6rde\",\"description\":\"\",\"potentialAction\":[{\"@type\":\"SearchAction\",\"target\":{\"@type\":\"EntryPoint\",\"urlTemplate\":\"https:\\\/\\\/www.bachmann-museum.de\\\/?s={search_term_string}\"},\"query-input\":{\"@type\":\"PropertyValueSpecification\",\"valueRequired\":true,\"valueName\":\"search_term_string\"}}],\"inLanguage\":\"de\"}]}<\/script>\n<!-- \/ Yoast SEO plugin. -->","yoast_head_json":{"title":"Aktuelles - Bachmann-Museum Bremerv\u00f6rde","robots":{"index":"index","follow":"follow","max-snippet":"max-snippet:-1","max-image-preview":"max-image-preview:large","max-video-preview":"max-video-preview:-1"},"canonical":"https:\/\/www.bachmann-museum.de\/?page_id=466","og_locale":"de_DE","og_type":"article","og_title":"Aktuelles - Bachmann-Museum Bremerv\u00f6rde","og_description":"Ausstellung geschlossen Wegen umfangreicher Sanierungsma\u00dfnahmen ist die Ausstellung f\u00fcr Besucher derzeit geschlossen. Der idyllische Museumspark l\u00e4dt weiterhin zu einem Spaziergang in die Geschichte Bremerv\u00f6rdes ein. W\u00e4hrend der Sanierung bietet das Bachmann-Museum eine Reihe von Veranstaltungen an. Nach der Sanierung erwartet die Besucher eine abwechslungsreiche Ausstellung zur Geschichte der Region von den \u00e4ltesten Spuren der Erdgeschichte [&hellip;]","og_url":"https:\/\/www.bachmann-museum.de\/?page_id=466","og_site_name":"Bachmann-Museum Bremerv\u00f6rde","article_modified_time":"2026-03-05T06:50:30+00:00","twitter_card":"summary_large_image","twitter_misc":{"Gesch\u00e4tzte Lesezeit":"1\u00a0Minute"},"schema":{"@context":"https:\/\/schema.org","@graph":[{"@type":"WebPage","@id":"https:\/\/www.bachmann-museum.de\/?page_id=466","url":"https:\/\/www.bachmann-museum.de\/?page_id=466","name":"Aktuelles - Bachmann-Museum Bremerv\u00f6rde","isPartOf":{"@id":"https:\/\/www.bachmann-museum.de\/#website"},"datePublished":"2015-01-30T15:15:21+00:00","dateModified":"2026-03-05T06:50:30+00:00","breadcrumb":{"@id":"https:\/\/www.bachmann-museum.de\/?page_id=466#breadcrumb"},"inLanguage":"de","potentialAction":[{"@type":"ReadAction","target":["https:\/\/www.bachmann-museum.de\/?page_id=466"]}]},{"@type":"BreadcrumbList","@id":"https:\/\/www.bachmann-museum.de\/?page_id=466#breadcrumb","itemListElement":[{"@type":"ListItem","position":1,"name":"Start","item":"https:\/\/www.bachmann-museum.de\/"},{"@type":"ListItem","position":2,"name":"Aktuelles"}]},{"@type":"WebSite","@id":"https:\/\/www.bachmann-museum.de\/#website","url":"https:\/\/www.bachmann-museum.de\/","name":"Bachmann-Museum Bremerv\u00f6rde","description":"","potentialAction":[{"@type":"SearchAction","target":{"@type":"EntryPoint","urlTemplate":"https:\/\/www.bachmann-museum.de\/?s={search_term_string}"},"query-input":{"@type":"PropertyValueSpecification","valueRequired":true,"valueName":"search_term_string"}}],"inLanguage":"de"}]}},"jetpack_sharing_enabled":true,"jetpack_shortlink":"https:\/\/wp.me\/P5DgYi-7w","jetpack-related-posts":[],"_links":{"self":[{"href":"https:\/\/www.bachmann-museum.de\/index.php?rest_route=\/wp\/v2\/pages\/466","targetHints":{"allow":["GET"]}}],"collection":[{"href":"https:\/\/www.bachmann-museum.de\/index.php?rest_route=\/wp\/v2\/pages"}],"about":[{"href":"https:\/\/www.bachmann-museum.de\/index.php?rest_route=\/wp\/v2\/types\/page"}],"author":[{"embeddable":true,"href":"https:\/\/www.bachmann-museum.de\/index.php?rest_route=\/wp\/v2\/users\/1"}],"replies":[{"embeddable":true,"href":"https:\/\/www.bachmann-museum.de\/index.php?rest_route=%2Fwp%2Fv2%2Fcomments&post=466"}],"version-history":[{"count":54,"href":"https:\/\/www.bachmann-museum.de\/index.php?rest_route=\/wp\/v2\/pages\/466\/revisions"}],"predecessor-version":[{"id":4915,"href":"https:\/\/www.bachmann-museum.de\/index.php?rest_route=\/wp\/v2\/pages\/466\/revisions\/4915"}],"wp:attachment":[{"href":"https:\/\/www.bachmann-museum.de\/index.php?rest_route=%2Fwp%2Fv2%2Fmedia&parent=466"}],"curies":[{"name":"wp","href":"https:\/\/api.w.org\/{rel}","templated":true}]}}