{"id":42,"date":"2014-12-04T14:27:42","date_gmt":"2014-12-04T12:27:42","guid":{"rendered":"http:\/\/www.bachmann-museum.de\/?page_id=42"},"modified":"2023-04-27T12:47:26","modified_gmt":"2023-04-27T10:47:26","slug":"museum","status":"publish","type":"page","link":"https:\/\/www.bachmann-museum.de\/?page_id=42","title":{"rendered":"Museum"},"content":{"rendered":"<p style=\"text-align: justify;\"><a href=\"https:\/\/i0.wp.com\/www.bachmann-museum.de\/wp-content\/uploads\/2014\/12\/Bachmann_1913.jpg?ssl=1\"><img data-recalc-dims=\"1\" loading=\"lazy\" decoding=\"async\" data-attachment-id=\"43\" data-permalink=\"https:\/\/www.bachmann-museum.de\/?attachment_id=43\" data-orig-file=\"https:\/\/i0.wp.com\/www.bachmann-museum.de\/wp-content\/uploads\/2014\/12\/Bachmann_1913.jpg?fit=562%2C648&amp;ssl=1\" data-orig-size=\"562,648\" data-comments-opened=\"0\" data-image-meta=\"{&quot;aperture&quot;:&quot;3.1&quot;,&quot;credit&quot;:&quot;&quot;,&quot;camera&quot;:&quot;u30D,S410D,u410D&quot;,&quot;caption&quot;:&quot;&quot;,&quot;created_timestamp&quot;:&quot;&quot;,&quot;copyright&quot;:&quot;&quot;,&quot;focal_length&quot;:&quot;5.8&quot;,&quot;iso&quot;:&quot;64&quot;,&quot;shutter_speed&quot;:&quot;0.016666666666667&quot;,&quot;title&quot;:&quot;OLYMPUS DIGITAL CAMERA&quot;,&quot;orientation&quot;:&quot;1&quot;}\" data-image-title=\"OLYMPUS DIGITAL CAMERA\" data-image-description=\"\" data-image-caption=\"\" data-large-file=\"https:\/\/i0.wp.com\/www.bachmann-museum.de\/wp-content\/uploads\/2014\/12\/Bachmann_1913.jpg?fit=562%2C648&amp;ssl=1\" class=\"alignleft wp-image-43\" src=\"https:\/\/i0.wp.com\/www.bachmann-museum.de\/wp-content\/uploads\/2014\/12\/Bachmann_1913.jpg?resize=300%2C346&#038;ssl=1\" alt=\"OLYMPUS DIGITAL CAMERA\" width=\"300\" height=\"346\" srcset=\"https:\/\/i0.wp.com\/www.bachmann-museum.de\/wp-content\/uploads\/2014\/12\/Bachmann_1913.jpg?resize=260%2C300&amp;ssl=1 260w, https:\/\/i0.wp.com\/www.bachmann-museum.de\/wp-content\/uploads\/2014\/12\/Bachmann_1913.jpg?w=562&amp;ssl=1 562w\" sizes=\"auto, (max-width: 300px) 100vw, 300px\" \/><\/a>Die Sammlungen des Bachmann-Museums gehen zur\u00fcck auf den Heimatforscher August Bachmann (1893-1983), der sich von fr\u00fcher Jugend an mit der Erforschung der Region besch\u00e4ftigte und umfangreiche Sammlungen zur Geologie, Arch\u00e4ologie, Geschichte und Volkskunde anlegte. Sie bilden bis heute das Fundament des Museums, das im Jahr 1985 zu Ehren seines Begr\u00fcnders den Namen \u201eBachmann-Museum Bremerv\u00f6rde\u201c erhielt.<\/p>\n<p style=\"text-align: justify;\"><span style=\"color: #ffffff;\">kkk<\/span><\/p>\n<p style=\"text-align: justify;\"><span style=\"color: #ffffff;\">kkk<\/span><\/p>\n<p style=\"text-align: justify;\"><span style=\"color: #ffffff;\">kkk<\/span><\/p>\n<p style=\"text-align: justify;\"><span style=\"color: #ffffff;\">kkk<\/span><\/p>\n<p style=\"text-align: justify;\"><span style=\"color: #ffffff;\"><a href=\"https:\/\/i0.wp.com\/www.bachmann-museum.de\/wp-content\/uploads\/2014\/12\/Unbenannt1.jpg?ssl=1\"><img data-recalc-dims=\"1\" loading=\"lazy\" decoding=\"async\" data-attachment-id=\"51\" data-permalink=\"https:\/\/www.bachmann-museum.de\/?attachment_id=51\" data-orig-file=\"https:\/\/i0.wp.com\/www.bachmann-museum.de\/wp-content\/uploads\/2014\/12\/Unbenannt1.jpg?fit=584%2C638&amp;ssl=1\" data-orig-size=\"584,638\" data-comments-opened=\"0\" data-image-meta=\"{&quot;aperture&quot;:&quot;0&quot;,&quot;credit&quot;:&quot;&quot;,&quot;camera&quot;:&quot;&quot;,&quot;caption&quot;:&quot;&quot;,&quot;created_timestamp&quot;:&quot;0&quot;,&quot;copyright&quot;:&quot;&quot;,&quot;focal_length&quot;:&quot;0&quot;,&quot;iso&quot;:&quot;0&quot;,&quot;shutter_speed&quot;:&quot;0&quot;,&quot;title&quot;:&quot;&quot;,&quot;orientation&quot;:&quot;0&quot;}\" data-image-title=\"Unbenannt\" data-image-description=\"\" data-image-caption=\"\" data-large-file=\"https:\/\/i0.wp.com\/www.bachmann-museum.de\/wp-content\/uploads\/2014\/12\/Unbenannt1.jpg?fit=584%2C638&amp;ssl=1\" class=\"alignright wp-image-51\" src=\"https:\/\/i0.wp.com\/www.bachmann-museum.de\/wp-content\/uploads\/2014\/12\/Unbenannt1.jpg?resize=300%2C328&#038;ssl=1\" alt=\"Unbenannt\" width=\"300\" height=\"328\" srcset=\"https:\/\/i0.wp.com\/www.bachmann-museum.de\/wp-content\/uploads\/2014\/12\/Unbenannt1.jpg?resize=274%2C300&amp;ssl=1 274w, https:\/\/i0.wp.com\/www.bachmann-museum.de\/wp-content\/uploads\/2014\/12\/Unbenannt1.jpg?w=584&amp;ssl=1 584w\" sizes=\"auto, (max-width: 300px) 100vw, 300px\" \/><\/a><\/span>Im \u00e4ltesten Geb\u00e4ude der Stadt Bremerv\u00f6rde untergebracht, bot das Museum in der Dauerausstellung einen \u00dcberblick \u00fcber die Geologie und Arch\u00e4ologie des Landkreises Rotenburg (W\u00fcmme). Zu den bekanntesten der etwa 800 ausgestellten Objekte z\u00e4hlen das jungsteinzeitliche Holzrad aus Gnarrenburg-Karlsh\u00f6fen, mit etwa 4600 Jahren eines der \u00e4ltesten bekannten R\u00e4der Nordwesteuropas und zwei etwa 12 Millionen Jahre alte fossile Walskelette.<\/p>\n<p>Nach der Sanierung des Geb\u00e4udes zeigt das Museum eine neue Dauerausstellung. Das Basiskonzept f\u00fcr die neue Ausstellung <a href=\"https:\/\/www.bachmann-museum.de\/?page_id=2719\" target=\"_blank\" rel=\"noopener\">finden Sie hier<\/a>.<\/p>\n<p style=\"text-align: justify;\"><span style=\"color: #ffffff;\">kkk<\/span><\/p>\n<p style=\"text-align: justify;\"><span style=\"color: #ffffff;\">kkk<\/span><\/p>\n<p style=\"text-align: justify;\"><span style=\"color: #ffffff;\">kkk<\/span><\/p>\n<p style=\"text-align: justify;\">\n","protected":false},"excerpt":{"rendered":"<p>Die Sammlungen des Bachmann-Museums gehen zur\u00fcck auf den Heimatforscher August Bachmann (1893-1983), der sich von fr\u00fcher Jugend an mit der Erforschung der Region besch\u00e4ftigte und umfangreiche Sammlungen zur Geologie, Arch\u00e4ologie, Geschichte und Volkskunde anlegte. Sie bilden bis heute das Fundament des Museums, das im Jahr 1985 zu Ehren seines Begr\u00fcnders den Namen \u201eBachmann-Museum Bremerv\u00f6rde\u201c erhielt. [&hellip;]<\/p>\n","protected":false},"author":1,"featured_media":0,"parent":0,"menu_order":1,"comment_status":"closed","ping_status":"open","template":"","meta":{"footnotes":""},"class_list":["post-42","page","type-page","status-publish","hentry"],"yoast_head":"<!-- This site is optimized with the Yoast SEO plugin v27.4 - https:\/\/yoast.com\/product\/yoast-seo-wordpress\/ -->\n<title>Museum - Bachmann-Museum Bremerv\u00f6rde<\/title>\n<meta name=\"robots\" content=\"index, follow, max-snippet:-1, max-image-preview:large, max-video-preview:-1\" \/>\n<link rel=\"canonical\" href=\"https:\/\/www.bachmann-museum.de\/?page_id=42\" \/>\n<meta property=\"og:locale\" content=\"de_DE\" \/>\n<meta property=\"og:type\" content=\"article\" \/>\n<meta property=\"og:title\" content=\"Museum - Bachmann-Museum Bremerv\u00f6rde\" \/>\n<meta property=\"og:description\" content=\"Die Sammlungen des Bachmann-Museums gehen zur\u00fcck auf den Heimatforscher August Bachmann (1893-1983), der sich von fr\u00fcher Jugend an mit der Erforschung der Region besch\u00e4ftigte und umfangreiche Sammlungen zur Geologie, Arch\u00e4ologie, Geschichte und Volkskunde anlegte. Sie bilden bis heute das Fundament des Museums, das im Jahr 1985 zu Ehren seines Begr\u00fcnders den Namen \u201eBachmann-Museum Bremerv\u00f6rde\u201c erhielt. [&hellip;]\" \/>\n<meta property=\"og:url\" content=\"https:\/\/www.bachmann-museum.de\/?page_id=42\" \/>\n<meta property=\"og:site_name\" content=\"Bachmann-Museum Bremerv\u00f6rde\" \/>\n<meta property=\"article:modified_time\" content=\"2023-04-27T10:47:26+00:00\" \/>\n<meta property=\"og:image\" content=\"http:\/\/www.bachmann-museum.de\/wp-content\/uploads\/2014\/12\/Bachmann_1913-260x300.jpg\" \/>\n<meta name=\"twitter:card\" content=\"summary_large_image\" \/>\n<meta name=\"twitter:label1\" content=\"Gesch\u00e4tzte Lesezeit\" \/>\n\t<meta name=\"twitter:data1\" content=\"1\u00a0Minute\" \/>\n<script type=\"application\/ld+json\" class=\"yoast-schema-graph\">{\"@context\":\"https:\\\/\\\/schema.org\",\"@graph\":[{\"@type\":\"WebPage\",\"@id\":\"https:\\\/\\\/www.bachmann-museum.de\\\/?page_id=42\",\"url\":\"https:\\\/\\\/www.bachmann-museum.de\\\/?page_id=42\",\"name\":\"Museum - Bachmann-Museum Bremerv\u00f6rde\",\"isPartOf\":{\"@id\":\"https:\\\/\\\/www.bachmann-museum.de\\\/#website\"},\"primaryImageOfPage\":{\"@id\":\"https:\\\/\\\/www.bachmann-museum.de\\\/?page_id=42#primaryimage\"},\"image\":{\"@id\":\"https:\\\/\\\/www.bachmann-museum.de\\\/?page_id=42#primaryimage\"},\"thumbnailUrl\":\"http:\\\/\\\/www.bachmann-museum.de\\\/wp-content\\\/uploads\\\/2014\\\/12\\\/Bachmann_1913-260x300.jpg\",\"datePublished\":\"2014-12-04T12:27:42+00:00\",\"dateModified\":\"2023-04-27T10:47:26+00:00\",\"breadcrumb\":{\"@id\":\"https:\\\/\\\/www.bachmann-museum.de\\\/?page_id=42#breadcrumb\"},\"inLanguage\":\"de\",\"potentialAction\":[{\"@type\":\"ReadAction\",\"target\":[\"https:\\\/\\\/www.bachmann-museum.de\\\/?page_id=42\"]}]},{\"@type\":\"ImageObject\",\"inLanguage\":\"de\",\"@id\":\"https:\\\/\\\/www.bachmann-museum.de\\\/?page_id=42#primaryimage\",\"url\":\"http:\\\/\\\/www.bachmann-museum.de\\\/wp-content\\\/uploads\\\/2014\\\/12\\\/Bachmann_1913-260x300.jpg\",\"contentUrl\":\"http:\\\/\\\/www.bachmann-museum.de\\\/wp-content\\\/uploads\\\/2014\\\/12\\\/Bachmann_1913-260x300.jpg\"},{\"@type\":\"BreadcrumbList\",\"@id\":\"https:\\\/\\\/www.bachmann-museum.de\\\/?page_id=42#breadcrumb\",\"itemListElement\":[{\"@type\":\"ListItem\",\"position\":1,\"name\":\"Start\",\"item\":\"https:\\\/\\\/www.bachmann-museum.de\\\/\"},{\"@type\":\"ListItem\",\"position\":2,\"name\":\"Museum\"}]},{\"@type\":\"WebSite\",\"@id\":\"https:\\\/\\\/www.bachmann-museum.de\\\/#website\",\"url\":\"https:\\\/\\\/www.bachmann-museum.de\\\/\",\"name\":\"Bachmann-Museum Bremerv\u00f6rde\",\"description\":\"\",\"potentialAction\":[{\"@type\":\"SearchAction\",\"target\":{\"@type\":\"EntryPoint\",\"urlTemplate\":\"https:\\\/\\\/www.bachmann-museum.de\\\/?s={search_term_string}\"},\"query-input\":{\"@type\":\"PropertyValueSpecification\",\"valueRequired\":true,\"valueName\":\"search_term_string\"}}],\"inLanguage\":\"de\"}]}<\/script>\n<!-- \/ Yoast SEO plugin. -->","yoast_head_json":{"title":"Museum - Bachmann-Museum Bremerv\u00f6rde","robots":{"index":"index","follow":"follow","max-snippet":"max-snippet:-1","max-image-preview":"max-image-preview:large","max-video-preview":"max-video-preview:-1"},"canonical":"https:\/\/www.bachmann-museum.de\/?page_id=42","og_locale":"de_DE","og_type":"article","og_title":"Museum - Bachmann-Museum Bremerv\u00f6rde","og_description":"Die Sammlungen des Bachmann-Museums gehen zur\u00fcck auf den Heimatforscher August Bachmann (1893-1983), der sich von fr\u00fcher Jugend an mit der Erforschung der Region besch\u00e4ftigte und umfangreiche Sammlungen zur Geologie, Arch\u00e4ologie, Geschichte und Volkskunde anlegte. Sie bilden bis heute das Fundament des Museums, das im Jahr 1985 zu Ehren seines Begr\u00fcnders den Namen \u201eBachmann-Museum Bremerv\u00f6rde\u201c erhielt. [&hellip;]","og_url":"https:\/\/www.bachmann-museum.de\/?page_id=42","og_site_name":"Bachmann-Museum Bremerv\u00f6rde","article_modified_time":"2023-04-27T10:47:26+00:00","og_image":[{"url":"http:\/\/www.bachmann-museum.de\/wp-content\/uploads\/2014\/12\/Bachmann_1913-260x300.jpg","type":"","width":"","height":""}],"twitter_card":"summary_large_image","twitter_misc":{"Gesch\u00e4tzte Lesezeit":"1\u00a0Minute"},"schema":{"@context":"https:\/\/schema.org","@graph":[{"@type":"WebPage","@id":"https:\/\/www.bachmann-museum.de\/?page_id=42","url":"https:\/\/www.bachmann-museum.de\/?page_id=42","name":"Museum - Bachmann-Museum Bremerv\u00f6rde","isPartOf":{"@id":"https:\/\/www.bachmann-museum.de\/#website"},"primaryImageOfPage":{"@id":"https:\/\/www.bachmann-museum.de\/?page_id=42#primaryimage"},"image":{"@id":"https:\/\/www.bachmann-museum.de\/?page_id=42#primaryimage"},"thumbnailUrl":"http:\/\/www.bachmann-museum.de\/wp-content\/uploads\/2014\/12\/Bachmann_1913-260x300.jpg","datePublished":"2014-12-04T12:27:42+00:00","dateModified":"2023-04-27T10:47:26+00:00","breadcrumb":{"@id":"https:\/\/www.bachmann-museum.de\/?page_id=42#breadcrumb"},"inLanguage":"de","potentialAction":[{"@type":"ReadAction","target":["https:\/\/www.bachmann-museum.de\/?page_id=42"]}]},{"@type":"ImageObject","inLanguage":"de","@id":"https:\/\/www.bachmann-museum.de\/?page_id=42#primaryimage","url":"http:\/\/www.bachmann-museum.de\/wp-content\/uploads\/2014\/12\/Bachmann_1913-260x300.jpg","contentUrl":"http:\/\/www.bachmann-museum.de\/wp-content\/uploads\/2014\/12\/Bachmann_1913-260x300.jpg"},{"@type":"BreadcrumbList","@id":"https:\/\/www.bachmann-museum.de\/?page_id=42#breadcrumb","itemListElement":[{"@type":"ListItem","position":1,"name":"Start","item":"https:\/\/www.bachmann-museum.de\/"},{"@type":"ListItem","position":2,"name":"Museum"}]},{"@type":"WebSite","@id":"https:\/\/www.bachmann-museum.de\/#website","url":"https:\/\/www.bachmann-museum.de\/","name":"Bachmann-Museum Bremerv\u00f6rde","description":"","potentialAction":[{"@type":"SearchAction","target":{"@type":"EntryPoint","urlTemplate":"https:\/\/www.bachmann-museum.de\/?s={search_term_string}"},"query-input":{"@type":"PropertyValueSpecification","valueRequired":true,"valueName":"search_term_string"}}],"inLanguage":"de"}]}},"jetpack_sharing_enabled":true,"jetpack_shortlink":"https:\/\/wp.me\/P5DgYi-G","jetpack-related-posts":[],"_links":{"self":[{"href":"https:\/\/www.bachmann-museum.de\/index.php?rest_route=\/wp\/v2\/pages\/42","targetHints":{"allow":["GET"]}}],"collection":[{"href":"https:\/\/www.bachmann-museum.de\/index.php?rest_route=\/wp\/v2\/pages"}],"about":[{"href":"https:\/\/www.bachmann-museum.de\/index.php?rest_route=\/wp\/v2\/types\/page"}],"author":[{"embeddable":true,"href":"https:\/\/www.bachmann-museum.de\/index.php?rest_route=\/wp\/v2\/users\/1"}],"replies":[{"embeddable":true,"href":"https:\/\/www.bachmann-museum.de\/index.php?rest_route=%2Fwp%2Fv2%2Fcomments&post=42"}],"version-history":[{"count":22,"href":"https:\/\/www.bachmann-museum.de\/index.php?rest_route=\/wp\/v2\/pages\/42\/revisions"}],"predecessor-version":[{"id":4271,"href":"https:\/\/www.bachmann-museum.de\/index.php?rest_route=\/wp\/v2\/pages\/42\/revisions\/4271"}],"wp:attachment":[{"href":"https:\/\/www.bachmann-museum.de\/index.php?rest_route=%2Fwp%2Fv2%2Fmedia&parent=42"}],"curies":[{"name":"wp","href":"https:\/\/api.w.org\/{rel}","templated":true}]}}