{"id":3569,"date":"2022-11-08T15:53:40","date_gmt":"2022-11-08T13:53:40","guid":{"rendered":"https:\/\/www.bachmann-museum.de\/?page_id=3569"},"modified":"2026-01-09T10:54:04","modified_gmt":"2026-01-09T08:54:04","slug":"publikationen","status":"publish","type":"page","link":"https:\/\/www.bachmann-museum.de\/?page_id=3569","title":{"rendered":"Publikationen"},"content":{"rendered":"<p>Unsere Ver\u00f6ffentlichungen k\u00f6nnen Sie bis zur Er\u00f6ffnung unserer neuen Ausstellung in der Verwaltung des Museums (Amtsallee 8, 27432 Bremerv\u00f6rde) erwerben. Wir freuen uns auf Ihren Besuch!<\/p>\n<p>Gerne senden wir Ihnen unsere Publikationen zu, Porto- und Versandkosten: 3,00 \u20ac.<br \/>\nTel.: 04761-983 4603<br \/>\nmuseum@lk-row.de<\/p>\n<p>&nbsp;<\/p>\n<p>&nbsp;<\/p>\n<p><img data-recalc-dims=\"1\" loading=\"lazy\" decoding=\"async\" data-attachment-id=\"4108\" data-permalink=\"https:\/\/www.bachmann-museum.de\/?attachment_id=4108\" data-orig-file=\"https:\/\/i0.wp.com\/www.bachmann-museum.de\/wp-content\/uploads\/2024\/12\/Bildschirmfoto_2-12-2024_141357_.jpeg?fit=802%2C793&amp;ssl=1\" data-orig-size=\"802,793\" data-comments-opened=\"0\" data-image-meta=\"{&quot;aperture&quot;:&quot;0&quot;,&quot;credit&quot;:&quot;&quot;,&quot;camera&quot;:&quot;&quot;,&quot;caption&quot;:&quot;&quot;,&quot;created_timestamp&quot;:&quot;0&quot;,&quot;copyright&quot;:&quot;&quot;,&quot;focal_length&quot;:&quot;0&quot;,&quot;iso&quot;:&quot;0&quot;,&quot;shutter_speed&quot;:&quot;0&quot;,&quot;title&quot;:&quot;&quot;,&quot;orientation&quot;:&quot;0&quot;}\" data-image-title=\"Bildschirmfoto_2-12-2024_141357_\" data-image-description=\"\" data-image-caption=\"&lt;p&gt;Kleine Schriften Band 4&lt;\/p&gt;\n\" data-large-file=\"https:\/\/i0.wp.com\/www.bachmann-museum.de\/wp-content\/uploads\/2024\/12\/Bildschirmfoto_2-12-2024_141357_.jpeg?fit=750%2C742&amp;ssl=1\" class=\" wp-image-4108 alignleft\" src=\"https:\/\/i0.wp.com\/www.bachmann-museum.de\/wp-content\/uploads\/2024\/12\/Bildschirmfoto_2-12-2024_141357_.jpeg?resize=265%2C262&#038;ssl=1\" alt=\"\" width=\"265\" height=\"262\" srcset=\"https:\/\/i0.wp.com\/www.bachmann-museum.de\/wp-content\/uploads\/2024\/12\/Bildschirmfoto_2-12-2024_141357_.jpeg?resize=300%2C297&amp;ssl=1 300w, https:\/\/i0.wp.com\/www.bachmann-museum.de\/wp-content\/uploads\/2024\/12\/Bildschirmfoto_2-12-2024_141357_.jpeg?resize=768%2C759&amp;ssl=1 768w, https:\/\/i0.wp.com\/www.bachmann-museum.de\/wp-content\/uploads\/2024\/12\/Bildschirmfoto_2-12-2024_141357_.jpeg?w=802&amp;ssl=1 802w\" sizes=\"auto, (max-width: 265px) 100vw, 265px\" \/><\/p>\n<p>Dr. Elfriede Bachmann<br \/>\n<strong>Ein Tag im Krankenhaus kostete eine Mark<br \/>\n<\/strong><strong>Bremerv\u00f6rde im 19. Jahrhundert<br \/>\n<\/strong>Kleine Schriften des Bachmann-Museums Bremerv\u00f6rde, Band 4<\/p>\n<p>F\u00fcr Bremerv\u00f6rde war das 19. Jahrhundert eine Zeit des Aufschwunges. Viele Institutionen, die das Leben in der Stadt und im Elbe-Weser-Dreieck bis heute pr\u00e4gen, haben im 19. Jahrhundert ihren Ursprung. Vom Bau des ersten Krankenhauses, dem Ausbau des Schulwesens, dem Anschluss ans Eisenbahnnetz und der Gr\u00fcndung der Sparkasse profitierte die gesamte Region.<\/p>\n<p>Textgrundlage ist ein Vortrag von Dr. Elfriede Bachmann (1936-2023) im Bachmann-Museum aus dem Jahr 2015. Neben Objekten aus Bremerv\u00f6rde erg\u00e4nzen Fotos aus dem Kreisarchiv des Landkreises Rotenburg (W\u00fcmme) und dem Archiv Bachmann den gut lesbaren \u00dcberblick.<\/p>\n<p>Erschienen: 2024<\/p>\n<p>ISBN: 978-3-944633-05-3<br \/>\nFormat 21 x 21 Zentimeter<br \/>\n28 reich bebilderte Seiten<br \/>\nPreis: 6,90 \u20ac<\/p>\n<p>&nbsp;<\/p>\n<p>&nbsp;<\/p>\n<p class=\"hide-if-no-js\"><a id=\"set-post-thumbnail\" class=\"thickbox\" href=\"https:\/\/www.bachmann-museum.de\/wp-admin\/media-upload.php?post_id=3569&amp;type=image&amp;TB_iframe=1\" aria-describedby=\"set-post-thumbnail-desc\"><img data-recalc-dims=\"1\" loading=\"lazy\" decoding=\"async\" data-attachment-id=\"3744\" data-permalink=\"https:\/\/www.bachmann-museum.de\/?attachment_id=3744\" data-orig-file=\"https:\/\/i0.wp.com\/www.bachmann-museum.de\/wp-content\/uploads\/2023\/08\/Auf-in-die-Fremde-Titel-Kopie.jpg?fit=1240%2C1753&amp;ssl=1\" data-orig-size=\"1240,1753\" data-comments-opened=\"0\" data-image-meta=\"{&quot;aperture&quot;:&quot;0&quot;,&quot;credit&quot;:&quot;&quot;,&quot;camera&quot;:&quot;&quot;,&quot;caption&quot;:&quot;&quot;,&quot;created_timestamp&quot;:&quot;0&quot;,&quot;copyright&quot;:&quot;&quot;,&quot;focal_length&quot;:&quot;0&quot;,&quot;iso&quot;:&quot;0&quot;,&quot;shutter_speed&quot;:&quot;0&quot;,&quot;title&quot;:&quot;&quot;,&quot;orientation&quot;:&quot;0&quot;}\" data-image-title=\"Auf in die Fremde Titel &amp;#8211; Kopie\" data-image-description=\"\" data-image-caption=\"&lt;p&gt;Schriften Band 3&lt;\/p&gt;\n\" data-large-file=\"https:\/\/i0.wp.com\/www.bachmann-museum.de\/wp-content\/uploads\/2023\/08\/Auf-in-die-Fremde-Titel-Kopie.jpg?fit=724%2C1024&amp;ssl=1\" class=\"size-medium wp-image-3744 alignleft\" src=\"https:\/\/i0.wp.com\/www.bachmann-museum.de\/wp-content\/uploads\/2023\/08\/Auf-in-die-Fremde-Titel-Kopie.jpg?resize=212%2C300&#038;ssl=1\" alt=\"\" width=\"212\" height=\"300\" srcset=\"https:\/\/i0.wp.com\/www.bachmann-museum.de\/wp-content\/uploads\/2023\/08\/Auf-in-die-Fremde-Titel-Kopie.jpg?resize=212%2C300&amp;ssl=1 212w, https:\/\/i0.wp.com\/www.bachmann-museum.de\/wp-content\/uploads\/2023\/08\/Auf-in-die-Fremde-Titel-Kopie.jpg?resize=724%2C1024&amp;ssl=1 724w, https:\/\/i0.wp.com\/www.bachmann-museum.de\/wp-content\/uploads\/2023\/08\/Auf-in-die-Fremde-Titel-Kopie.jpg?resize=768%2C1086&amp;ssl=1 768w, https:\/\/i0.wp.com\/www.bachmann-museum.de\/wp-content\/uploads\/2023\/08\/Auf-in-die-Fremde-Titel-Kopie.jpg?resize=1087%2C1536&amp;ssl=1 1087w, https:\/\/i0.wp.com\/www.bachmann-museum.de\/wp-content\/uploads\/2023\/08\/Auf-in-die-Fremde-Titel-Kopie.jpg?w=1240&amp;ssl=1 1240w\" sizes=\"auto, (max-width: 212px) 100vw, 212px\" \/><\/a>Horst R\u00f6ssler<br \/>\n<strong>Auf in die Fremde<br \/>\n<\/strong><strong>Auswanderung aus dem zentralen Elbe-Weser-Dreieck 1750 &#8211; 1914<br \/>\n<\/strong>Schriften des Bachmann-Museums Bremerv\u00f6rde Band 3<\/p>\n<p>Auf der Suche nach Arbeit und einem besseren Fortkommen gingen viele Menschen aus dem zentralen Elbe-Weser-Dreieck zwischen 1750 und 1914 in die Fremde. Sie zogen zum Beispiel als Saisonarbeiter in die Niederlande, fanden Arbeit in der englischen Zuckerindustrie oder machten sich auf die Reise in die Vereinigten Staaten.<\/p>\n<p>Der Bremer Historiker Horst R\u00f6ssler gibt einen anschaulichen \u00dcberblick \u00fcber die historischen Zusammenh\u00e4nge und die Schicksale der Menschen, die ihre Heimat im zentralen Elbe-Weser-Dreieck zeitweise oder f\u00fcr immer verlie\u00dfen.<\/p>\n<p>Erschienen: 2023<\/p>\n<p>ISBN: 978-3-944633-03-9<br \/>\nDIN A4-Format<br \/>\n40 reich bebilderte Seiten<br \/>\nzwei aufklappbare Karten im Umschlag<br \/>\nPreis: 9,90 \u20ac<\/p>\n<p>&nbsp;<\/p>\n<p>&nbsp;<\/p>\n<p><a href=\"https:\/\/i0.wp.com\/www.bachmann-museum.de\/wp-content\/uploads\/2021\/06\/Bachmann-Museum-Schriften-Band-2_Moorkolonisation-Roessler-1-pdf.jpg?ssl=1\"><img data-recalc-dims=\"1\" loading=\"lazy\" decoding=\"async\" data-attachment-id=\"3542\" data-permalink=\"https:\/\/www.bachmann-museum.de\/?attachment_id=3542\" data-orig-file=\"https:\/\/i0.wp.com\/www.bachmann-museum.de\/wp-content\/uploads\/2021\/06\/Bachmann-Museum-Schriften-Band-2_Moorkolonisation-Roessler-1-pdf-e1701253981931.jpg?fit=1058%2C751&amp;ssl=1\" data-orig-size=\"1058,751\" data-comments-opened=\"0\" data-image-meta=\"{&quot;aperture&quot;:&quot;0&quot;,&quot;credit&quot;:&quot;&quot;,&quot;camera&quot;:&quot;&quot;,&quot;caption&quot;:&quot;&quot;,&quot;created_timestamp&quot;:&quot;0&quot;,&quot;copyright&quot;:&quot;&quot;,&quot;focal_length&quot;:&quot;0&quot;,&quot;iso&quot;:&quot;0&quot;,&quot;shutter_speed&quot;:&quot;0&quot;,&quot;title&quot;:&quot;&quot;,&quot;orientation&quot;:&quot;0&quot;}\" data-image-title=\"Bachmann-Museum-Schriften-Band-2_Moorkolonisation-Roessler-1-pdf\" data-image-description=\"\" data-image-caption=\"&lt;p&gt;Schriften Band 2&lt;\/p&gt;\n\" data-large-file=\"https:\/\/i0.wp.com\/www.bachmann-museum.de\/wp-content\/uploads\/2021\/06\/Bachmann-Museum-Schriften-Band-2_Moorkolonisation-Roessler-1-pdf-e1701253981931.jpg?fit=750%2C532&amp;ssl=1\" class=\" wp-image-3542 alignleft\" src=\"https:\/\/i0.wp.com\/www.bachmann-museum.de\/wp-content\/uploads\/2021\/06\/Bachmann-Museum-Schriften-Band-2_Moorkolonisation-Roessler-1-pdf.jpg?resize=209%2C296&#038;ssl=1\" alt=\"\" width=\"209\" height=\"296\" \/><\/a>Horst R\u00f6ssler<br \/>\n<strong>Den eersten sien Dot, den tweeten sien Not\u2026<br \/>\n<\/strong><strong>Moorkolonisation im Elbe-Weser-Dreieck 1750-1890<br \/>\n<\/strong>Schriften des Bachmann-Museums Bremerv\u00f6rde 2<\/p>\n<p>Der Bremer Historiker Horst R\u00f6ssler gibt in dem 2. Band der Schriften des Bachmann-Museums Bremerv\u00f6rde einen \u00dcberblick \u00fcber die staatlich organisierte und planm\u00e4\u00dfig durchgef\u00fchrte Kolonisation der Moorgebiete im Elbe-Weser-Dreieck, in deren Verlauf mehr als 70 neue D\u00f6rfer gegr\u00fcndet wurden und vermittelt Einblicke in das Leben der fr\u00fchen Kolonisten.<\/p>\n<p>Zahlreiche Abbildungen, darunter zwei Karten aus dem 18. Jahrhundert in gut lesbarer Gr\u00f6\u00dfe sowie viele Objekte aus dem Bachmann-Museum und dem Kreisarchiv Rotenburg (W\u00fcmme) erg\u00e4nzen den gut verst\u00e4ndlichen und wissenschaftlich fundierten Text.<\/p>\n<p>Erschienen: 2020<\/p>\n<p><strong>Das Heft war vor\u00fcbergehend vergriffen und liegt seit November 2023 in unver\u00e4nderter Fassung in zweiter Auflage vor.<\/strong><\/p>\n<p>ISBN: 978-3-944633-04-6<br \/>\nDIN A4-Format<br \/>\n36 reich bebilderte Seiten<br \/>\nzwei aufklappbare Karten im Umschlag<br \/>\n2. Auflage 2023<\/p>\n<p>Preis: 9,90 \u20ac<\/p>\n<p>&nbsp;<\/p>\n<p>&nbsp;<\/p>\n<p><a href=\"https:\/\/i0.wp.com\/www.bachmann-museum.de\/wp-content\/uploads\/2022\/10\/SKM_C25822102713060-rotated.jpg?ssl=1\"><img data-recalc-dims=\"1\" loading=\"lazy\" decoding=\"async\" data-attachment-id=\"3589\" data-permalink=\"https:\/\/www.bachmann-museum.de\/?attachment_id=3589\" data-orig-file=\"https:\/\/i0.wp.com\/www.bachmann-museum.de\/wp-content\/uploads\/2022\/10\/SKM_C25822102713060-rotated.jpg?fit=1187%2C1684&amp;ssl=1\" data-orig-size=\"1187,1684\" data-comments-opened=\"0\" data-image-meta=\"{&quot;aperture&quot;:&quot;0&quot;,&quot;credit&quot;:&quot;&quot;,&quot;camera&quot;:&quot;&quot;,&quot;caption&quot;:&quot;&quot;,&quot;created_timestamp&quot;:&quot;0&quot;,&quot;copyright&quot;:&quot;&quot;,&quot;focal_length&quot;:&quot;0&quot;,&quot;iso&quot;:&quot;0&quot;,&quot;shutter_speed&quot;:&quot;0&quot;,&quot;title&quot;:&quot;&quot;,&quot;orientation&quot;:&quot;1&quot;}\" data-image-title=\"SKM_C25822102713060\" data-image-description=\"\" data-image-caption=\"\" data-large-file=\"https:\/\/i0.wp.com\/www.bachmann-museum.de\/wp-content\/uploads\/2022\/10\/SKM_C25822102713060-rotated.jpg?fit=722%2C1024&amp;ssl=1\" class=\"size-medium wp-image-3589 alignleft\" src=\"https:\/\/i0.wp.com\/www.bachmann-museum.de\/wp-content\/uploads\/2022\/10\/SKM_C25822102713060.jpg?resize=211%2C300&#038;ssl=1\" alt=\"\" width=\"211\" height=\"300\" srcset=\"https:\/\/i0.wp.com\/www.bachmann-museum.de\/wp-content\/uploads\/2022\/10\/SKM_C25822102713060-rotated.jpg?resize=211%2C300&amp;ssl=1 211w, https:\/\/i0.wp.com\/www.bachmann-museum.de\/wp-content\/uploads\/2022\/10\/SKM_C25822102713060-rotated.jpg?resize=722%2C1024&amp;ssl=1 722w, https:\/\/i0.wp.com\/www.bachmann-museum.de\/wp-content\/uploads\/2022\/10\/SKM_C25822102713060-rotated.jpg?resize=768%2C1090&amp;ssl=1 768w, https:\/\/i0.wp.com\/www.bachmann-museum.de\/wp-content\/uploads\/2022\/10\/SKM_C25822102713060-rotated.jpg?resize=1083%2C1536&amp;ssl=1 1083w, https:\/\/i0.wp.com\/www.bachmann-museum.de\/wp-content\/uploads\/2022\/10\/SKM_C25822102713060-rotated.jpg?w=1187&amp;ssl=1 1187w\" sizes=\"auto, (max-width: 211px) 100vw, 211px\" \/><\/a>Ellen Horstrup, Meike Mittmann<br \/>\n<strong>St\u00fcckGut<br \/>\n<\/strong><strong>Vom Mammutzahn zur Dauerwelle. Eine Sammlung stellt sich vor<br \/>\n<\/strong>Kleine Schriften des Bachmann-Museums Bremerv\u00f6rde 3<\/p>\n<p>Dieser Band erschien als Begleitschrift zur Ausstellung \u201eSt\u00fcckGut\u201c im Jahr 2014 und erm\u00f6glicht einen Blick in die Vielfalt der Museumssammlung. Insgesamt 55 Objekte zur Geologie, Arch\u00e4ologie, Geschichte und Volkskunde des Bachmann-Museums legen Zeugnis ab von der Entwicklung der Region und der inzwischen 110-j\u00e4hrigen Geschichte der Sammlungen.<\/p>\n<p>So erz\u00e4hlt dieser Band viele Geschichten, die in der Region verankert sind: Woher wissen wir, dass das Scheibenrad aus Gnarrenburg-Karlsh\u00f6fen genau 4.600 Jahre alt ist? Seit wann trugen die Damen der Region Dauerwelle? Was ist das bei den Klimaforschern weltweit bekannte Oerel-Interstadial?<\/p>\n<p>Erschienen: 2014<br \/>\nDIN A5-Format<br \/>\n70 Seiten<br \/>\nPreis: 7,90 \u20ac<br \/>\n<strong>vergriffen<\/strong><\/p>\n<p>&nbsp;<\/p>\n<p>&nbsp;<\/p>\n<p><a href=\"https:\/\/i0.wp.com\/www.bachmann-museum.de\/wp-content\/uploads\/2022\/10\/SKM_C25822102510170.jpg?ssl=1\"><img data-recalc-dims=\"1\" loading=\"lazy\" decoding=\"async\" data-attachment-id=\"3572\" data-permalink=\"https:\/\/www.bachmann-museum.de\/?attachment_id=3572\" data-orig-file=\"https:\/\/i0.wp.com\/www.bachmann-museum.de\/wp-content\/uploads\/2022\/10\/SKM_C25822102510170.jpg?fit=1187%2C1684&amp;ssl=1\" data-orig-size=\"1187,1684\" data-comments-opened=\"0\" data-image-meta=\"{&quot;aperture&quot;:&quot;0&quot;,&quot;credit&quot;:&quot;&quot;,&quot;camera&quot;:&quot;&quot;,&quot;caption&quot;:&quot;&quot;,&quot;created_timestamp&quot;:&quot;1666690090&quot;,&quot;copyright&quot;:&quot;&quot;,&quot;focal_length&quot;:&quot;0&quot;,&quot;iso&quot;:&quot;0&quot;,&quot;shutter_speed&quot;:&quot;0&quot;,&quot;title&quot;:&quot;&quot;,&quot;orientation&quot;:&quot;1&quot;}\" data-image-title=\"SKM_C25822102510170\" data-image-description=\"\" data-image-caption=\"\" data-large-file=\"https:\/\/i0.wp.com\/www.bachmann-museum.de\/wp-content\/uploads\/2022\/10\/SKM_C25822102510170.jpg?fit=722%2C1024&amp;ssl=1\" class=\"size-medium wp-image-3572 alignleft\" src=\"https:\/\/i0.wp.com\/www.bachmann-museum.de\/wp-content\/uploads\/2022\/10\/SKM_C25822102510170.jpg?resize=211%2C300&#038;ssl=1\" alt=\"\" width=\"211\" height=\"300\" srcset=\"https:\/\/i0.wp.com\/www.bachmann-museum.de\/wp-content\/uploads\/2022\/10\/SKM_C25822102510170.jpg?resize=211%2C300&amp;ssl=1 211w, https:\/\/i0.wp.com\/www.bachmann-museum.de\/wp-content\/uploads\/2022\/10\/SKM_C25822102510170.jpg?resize=722%2C1024&amp;ssl=1 722w, https:\/\/i0.wp.com\/www.bachmann-museum.de\/wp-content\/uploads\/2022\/10\/SKM_C25822102510170.jpg?resize=768%2C1090&amp;ssl=1 768w, https:\/\/i0.wp.com\/www.bachmann-museum.de\/wp-content\/uploads\/2022\/10\/SKM_C25822102510170.jpg?resize=1083%2C1536&amp;ssl=1 1083w, https:\/\/i0.wp.com\/www.bachmann-museum.de\/wp-content\/uploads\/2022\/10\/SKM_C25822102510170.jpg?w=1187&amp;ssl=1 1187w\" sizes=\"auto, (max-width: 211px) 100vw, 211px\" \/><\/a>Ellen Horstrup<br \/>\n<strong>StadtGeschichten<br \/>\n<\/strong><strong>Neuentdeckungen der Stadtarch\u00e4ologie im Landkreis Rotenburg<br \/>\n<\/strong>Kleine Schriften des Bachmann-Museums Bremerv\u00f6rde 2<\/p>\n<p>Unter dem Titel \u201eStadtGeschichten\u201c erschien der 2. Band der Kleinen Schriften als Begleitheft zu der Ausstellung \u00fcber neue arch\u00e4ologische Funde aus den vier St\u00e4dten des Landkreises Rotenburg (W\u00fcmme) im Bachmann-Museum Bremerv\u00f6rde.<\/p>\n<p>Angeregt durch das gro\u00dfe Interesse an den Ausgrabungen an Gro\u00dfen Platz und am Mahlersberg in Bremerv\u00f6rde entstand die Idee zu dieser Ausstellung, in der die Funde der Kreisarch\u00e4ologie Rotenburg (W\u00fcmme) aus den Stadtgrabungen der vergangenen Jahre gezeigt werden, erg\u00e4nzt durch Objekte aus der arch\u00e4ologischen Sammlung des Bachmann-Museums und von weiteren Leihgebern.<\/p>\n<p>Erschienen: 2013<br \/>\nDIN A5-Format<br \/>\n34 Seiten<br \/>\nPreis: 4,90 \u20ac<br \/>\n<strong>vergriffen<\/strong><\/p>\n<p><strong>\u00a0<\/strong><\/p>\n<p>&nbsp;<\/p>\n<p><a href=\"https:\/\/i0.wp.com\/www.bachmann-museum.de\/wp-content\/uploads\/2022\/10\/SKM_C25822102510410.jpg?ssl=1\"><img data-recalc-dims=\"1\" loading=\"lazy\" decoding=\"async\" data-attachment-id=\"3574\" data-permalink=\"https:\/\/www.bachmann-museum.de\/?attachment_id=3574\" data-orig-file=\"https:\/\/i0.wp.com\/www.bachmann-museum.de\/wp-content\/uploads\/2022\/10\/SKM_C25822102510410.jpg?fit=1186%2C1684&amp;ssl=1\" data-orig-size=\"1186,1684\" data-comments-opened=\"0\" data-image-meta=\"{&quot;aperture&quot;:&quot;0&quot;,&quot;credit&quot;:&quot;&quot;,&quot;camera&quot;:&quot;&quot;,&quot;caption&quot;:&quot;&quot;,&quot;created_timestamp&quot;:&quot;1666691431&quot;,&quot;copyright&quot;:&quot;&quot;,&quot;focal_length&quot;:&quot;0&quot;,&quot;iso&quot;:&quot;0&quot;,&quot;shutter_speed&quot;:&quot;0&quot;,&quot;title&quot;:&quot;&quot;,&quot;orientation&quot;:&quot;1&quot;}\" data-image-title=\"SKM_C25822102510410\" data-image-description=\"\" data-image-caption=\"\" data-large-file=\"https:\/\/i0.wp.com\/www.bachmann-museum.de\/wp-content\/uploads\/2022\/10\/SKM_C25822102510410.jpg?fit=721%2C1024&amp;ssl=1\" class=\"size-medium wp-image-3574 alignleft\" src=\"https:\/\/i0.wp.com\/www.bachmann-museum.de\/wp-content\/uploads\/2022\/10\/SKM_C25822102510410.jpg?resize=211%2C300&#038;ssl=1\" alt=\"\" width=\"211\" height=\"300\" srcset=\"https:\/\/i0.wp.com\/www.bachmann-museum.de\/wp-content\/uploads\/2022\/10\/SKM_C25822102510410.jpg?resize=211%2C300&amp;ssl=1 211w, https:\/\/i0.wp.com\/www.bachmann-museum.de\/wp-content\/uploads\/2022\/10\/SKM_C25822102510410.jpg?resize=721%2C1024&amp;ssl=1 721w, https:\/\/i0.wp.com\/www.bachmann-museum.de\/wp-content\/uploads\/2022\/10\/SKM_C25822102510410.jpg?resize=768%2C1090&amp;ssl=1 768w, https:\/\/i0.wp.com\/www.bachmann-museum.de\/wp-content\/uploads\/2022\/10\/SKM_C25822102510410.jpg?resize=1082%2C1536&amp;ssl=1 1082w, https:\/\/i0.wp.com\/www.bachmann-museum.de\/wp-content\/uploads\/2022\/10\/SKM_C25822102510410.jpg?w=1186&amp;ssl=1 1186w\" sizes=\"auto, (max-width: 211px) 100vw, 211px\" \/><\/a>Elfriede Bachmann<br \/>\n<strong>Bremerv\u00f6rde. Burg \u2013 Stadt \u2013 Residenz<br \/>\n<\/strong><strong>Ein kurzer Abriss seiner Geschichte<br \/>\n<\/strong>Kleine Schriften des Bachmann-Museums Bremerv\u00f6rde 1<\/p>\n<p>Vor mehr als 1000 Jahren tritt die heutige Stadt Bremerv\u00f6rde in das Licht der Geschichte. Von diesem Zeitpunkt bis zur Wende vom 19. zum 20. Jahrhundert verfolgt die Historikerin Elfriede Bachmann, langj\u00e4hrige Museumsleiterin und Tochter des Sammlungsgr\u00fcnders August Bachmann, die Entwicklung des Ortes in einem informativen, reich bebilderten und kurzweiligen Aufsatz.<\/p>\n<p>Damit er\u00f6ffnet Frau Dr. Bachmann die neue Schriftenreihe der \u201eKleinen Schriften\u201c des Museums, mit der zuk\u00fcnftig kurze Aufs\u00e4tze zu Themen des zentralen Elbe-Weser-Dreiecks und der Museumssammlungen ver\u00f6ffentlicht werden.<\/p>\n<p>Erschienen: 2013<br \/>\nDIN A5-Format<br \/>\n22 Seiten<br \/>\nPreis: 4,90 \u20ac<\/p>\n<p>&nbsp;<\/p>\n<p>&nbsp;<\/p>\n<p><strong><a href=\"https:\/\/i0.wp.com\/www.bachmann-museum.de\/wp-content\/uploads\/2022\/10\/SKM_C25822102713062.jpg?ssl=1\"><img data-recalc-dims=\"1\" loading=\"lazy\" decoding=\"async\" data-attachment-id=\"3591\" data-permalink=\"https:\/\/www.bachmann-museum.de\/?attachment_id=3591\" data-orig-file=\"https:\/\/i0.wp.com\/www.bachmann-museum.de\/wp-content\/uploads\/2022\/10\/SKM_C25822102713062.jpg?fit=1189%2C1681&amp;ssl=1\" data-orig-size=\"1189,1681\" data-comments-opened=\"0\" data-image-meta=\"{&quot;aperture&quot;:&quot;0&quot;,&quot;credit&quot;:&quot;&quot;,&quot;camera&quot;:&quot;&quot;,&quot;caption&quot;:&quot;&quot;,&quot;created_timestamp&quot;:&quot;0&quot;,&quot;copyright&quot;:&quot;&quot;,&quot;focal_length&quot;:&quot;0&quot;,&quot;iso&quot;:&quot;0&quot;,&quot;shutter_speed&quot;:&quot;0&quot;,&quot;title&quot;:&quot;&quot;,&quot;orientation&quot;:&quot;0&quot;}\" data-image-title=\"SKM_C25822102713062\" data-image-description=\"\" data-image-caption=\"\" data-large-file=\"https:\/\/i0.wp.com\/www.bachmann-museum.de\/wp-content\/uploads\/2022\/10\/SKM_C25822102713062.jpg?fit=724%2C1024&amp;ssl=1\" class=\"size-medium wp-image-3591 alignleft\" src=\"https:\/\/i0.wp.com\/www.bachmann-museum.de\/wp-content\/uploads\/2022\/10\/SKM_C25822102713062.jpg?resize=212%2C300&#038;ssl=1\" alt=\"\" width=\"212\" height=\"300\" srcset=\"https:\/\/i0.wp.com\/www.bachmann-museum.de\/wp-content\/uploads\/2022\/10\/SKM_C25822102713062.jpg?resize=212%2C300&amp;ssl=1 212w, https:\/\/i0.wp.com\/www.bachmann-museum.de\/wp-content\/uploads\/2022\/10\/SKM_C25822102713062.jpg?resize=724%2C1024&amp;ssl=1 724w, https:\/\/i0.wp.com\/www.bachmann-museum.de\/wp-content\/uploads\/2022\/10\/SKM_C25822102713062.jpg?resize=768%2C1086&amp;ssl=1 768w, https:\/\/i0.wp.com\/www.bachmann-museum.de\/wp-content\/uploads\/2022\/10\/SKM_C25822102713062.jpg?resize=1086%2C1536&amp;ssl=1 1086w, https:\/\/i0.wp.com\/www.bachmann-museum.de\/wp-content\/uploads\/2022\/10\/SKM_C25822102713062.jpg?w=1189&amp;ssl=1 1189w\" sizes=\"auto, (max-width: 212px) 100vw, 212px\" \/><\/a>\u201eDas Leben ist so unendlich reich.\u201c Das \u201ePh\u00e4nomen Mensch im Werk des Bildhauers und Graphikers Ernst Barlach<br \/>\n<\/strong>Schriften des Bachmann-Museums Bremerv\u00f6rde 1<\/p>\n<p>In einem Kooperationsprojekt der Stiftung Bachmann-Museum Bremerv\u00f6rde und der Ernst Barlach Stiftung entstand 2010 aus Anlass des 20j\u00e4hrigen Bestehens der Partnerschaft zwischen den Landkreisen G\u00fcstrow und Rotenburg (W\u00fcmme) die Idee einer Ausstellung \u00fcber einen der wichtigsten Vertreter des deutschen Expressionismus.<\/p>\n<p>Sie zeigte erstmals das k\u00fcnstlerische Lebenswerk Barlachs in der Region zwischen Bremen, Hamburg und Hannover mit ausgew\u00e4hlten plastischen, zeichnerischen und druckgrafischen Werken. Die gezeigten Exponate stammen aus dem umfangreichen Nachlass Barlachs, der von der Ernst Barlach Stiftung in G\u00fcstrow betreut wird.<\/p>\n<p>Erschienen: 2011<br \/>\nDIN A4-Format<br \/>\n96 Seiten<br \/>\nPreis: <del>9,50<\/del> \u20ac, reduziert: 3,00 \u20ac<\/p>\n<p><strong>vergriffen<\/strong><\/p>\n<p>&nbsp;<\/p>\n<p><a href=\"https:\/\/i0.wp.com\/www.bachmann-museum.de\/wp-content\/uploads\/2022\/10\/SKM_C25822102713061-rotated.jpg?ssl=1\"><img data-recalc-dims=\"1\" loading=\"lazy\" decoding=\"async\" data-attachment-id=\"3590\" data-permalink=\"https:\/\/www.bachmann-museum.de\/?attachment_id=3590\" data-orig-file=\"https:\/\/i0.wp.com\/www.bachmann-museum.de\/wp-content\/uploads\/2022\/10\/SKM_C25822102713061-rotated.jpg?fit=1187%2C1684&amp;ssl=1\" data-orig-size=\"1187,1684\" data-comments-opened=\"0\" data-image-meta=\"{&quot;aperture&quot;:&quot;0&quot;,&quot;credit&quot;:&quot;&quot;,&quot;camera&quot;:&quot;&quot;,&quot;caption&quot;:&quot;&quot;,&quot;created_timestamp&quot;:&quot;0&quot;,&quot;copyright&quot;:&quot;&quot;,&quot;focal_length&quot;:&quot;0&quot;,&quot;iso&quot;:&quot;0&quot;,&quot;shutter_speed&quot;:&quot;0&quot;,&quot;title&quot;:&quot;&quot;,&quot;orientation&quot;:&quot;1&quot;}\" data-image-title=\"SKM_C25822102713061\" data-image-description=\"\" data-image-caption=\"\" data-large-file=\"https:\/\/i0.wp.com\/www.bachmann-museum.de\/wp-content\/uploads\/2022\/10\/SKM_C25822102713061-rotated.jpg?fit=722%2C1024&amp;ssl=1\" class=\"size-medium wp-image-3590 alignleft\" src=\"https:\/\/i0.wp.com\/www.bachmann-museum.de\/wp-content\/uploads\/2022\/10\/SKM_C25822102713061.jpg?resize=211%2C300&#038;ssl=1\" alt=\"\" width=\"211\" height=\"300\" srcset=\"https:\/\/i0.wp.com\/www.bachmann-museum.de\/wp-content\/uploads\/2022\/10\/SKM_C25822102713061-rotated.jpg?resize=211%2C300&amp;ssl=1 211w, https:\/\/i0.wp.com\/www.bachmann-museum.de\/wp-content\/uploads\/2022\/10\/SKM_C25822102713061-rotated.jpg?resize=722%2C1024&amp;ssl=1 722w, https:\/\/i0.wp.com\/www.bachmann-museum.de\/wp-content\/uploads\/2022\/10\/SKM_C25822102713061-rotated.jpg?resize=768%2C1090&amp;ssl=1 768w, https:\/\/i0.wp.com\/www.bachmann-museum.de\/wp-content\/uploads\/2022\/10\/SKM_C25822102713061-rotated.jpg?resize=1083%2C1536&amp;ssl=1 1083w, https:\/\/i0.wp.com\/www.bachmann-museum.de\/wp-content\/uploads\/2022\/10\/SKM_C25822102713061-rotated.jpg?w=1187&amp;ssl=1 1187w\" sizes=\"auto, (max-width: 211px) 100vw, 211px\" \/><\/a>Irma Busch<br \/>\n<strong>Mien Leevtied op`n Hoff in Ohrns (Ohrensen, Kreis Stade)<br \/>\n<\/strong>Ver\u00f6ffentlichung des Bachmann-Museums Bremerv\u00f6rde<\/p>\n<p>Irma Busch wuchs in dem Geestdorf Ohrensen im heutigen Landkreis Stade auf. Ihre Erinnerungen an den Ort, an den Hof ihrer Eltern und an ihr Leben in der Dorfgemeinschaft hat sie anschaulich und mit feinem Humor in ihrer heimischen Mundart, der niederdeutschen Sprache oder besser gesagt dem \u201eOhrensener Platt\u201c niedergeschrieben. An dem eingereichten Text wurde nichts ge\u00e4ndert, um die Frische und die Unmittelbarkeit der Erz\u00e4hlungen zu bewahren.<\/p>\n<p>Angereichert mit Fotos dokumentiert die Ver\u00f6ffentlichung die pers\u00f6nlichen Erinnerungen an das Leben in einem Geestdorf im Elbe-Weser-Dreieck in den drei\u00dfiger bis f\u00fcnfziger Jahren des vergangenen Jahrhunderts.<\/p>\n<p>Erschienen: 1993<br \/>\nDIN A5-Format<br \/>\n64 Seiten<\/p>\n<p>Preis: <del>4,50<\/del> \u20ac, reduziert: 0,50 \u20ac<\/p>\n<p><strong>vergriffen<\/strong><\/p>\n<p>&nbsp;<\/p>\n<p>&nbsp;<\/p>\n<p><strong><a href=\"https:\/\/i0.wp.com\/www.bachmann-museum.de\/wp-content\/uploads\/2022\/10\/SKM_C25822102714021.jpg?ssl=1\"><img data-recalc-dims=\"1\" loading=\"lazy\" decoding=\"async\" data-attachment-id=\"3593\" data-permalink=\"https:\/\/www.bachmann-museum.de\/?attachment_id=3593\" data-orig-file=\"https:\/\/i0.wp.com\/www.bachmann-museum.de\/wp-content\/uploads\/2022\/10\/SKM_C25822102714021.jpg?fit=1289%2C1550&amp;ssl=1\" data-orig-size=\"1289,1550\" data-comments-opened=\"0\" data-image-meta=\"{&quot;aperture&quot;:&quot;0&quot;,&quot;credit&quot;:&quot;&quot;,&quot;camera&quot;:&quot;&quot;,&quot;caption&quot;:&quot;&quot;,&quot;created_timestamp&quot;:&quot;1666876466&quot;,&quot;copyright&quot;:&quot;&quot;,&quot;focal_length&quot;:&quot;0&quot;,&quot;iso&quot;:&quot;0&quot;,&quot;shutter_speed&quot;:&quot;0&quot;,&quot;title&quot;:&quot;&quot;,&quot;orientation&quot;:&quot;1&quot;}\" data-image-title=\"SKM_C25822102714021\" data-image-description=\"\" data-image-caption=\"\" data-large-file=\"https:\/\/i0.wp.com\/www.bachmann-museum.de\/wp-content\/uploads\/2022\/10\/SKM_C25822102714021.jpg?fit=750%2C901&amp;ssl=1\" class=\"size-medium wp-image-3593 alignleft\" src=\"https:\/\/i0.wp.com\/www.bachmann-museum.de\/wp-content\/uploads\/2022\/10\/SKM_C25822102714021.jpg?resize=249%2C300&#038;ssl=1\" alt=\"\" width=\"249\" height=\"300\" srcset=\"https:\/\/i0.wp.com\/www.bachmann-museum.de\/wp-content\/uploads\/2022\/10\/SKM_C25822102714021.jpg?resize=249%2C300&amp;ssl=1 249w, https:\/\/i0.wp.com\/www.bachmann-museum.de\/wp-content\/uploads\/2022\/10\/SKM_C25822102714021.jpg?resize=852%2C1024&amp;ssl=1 852w, https:\/\/i0.wp.com\/www.bachmann-museum.de\/wp-content\/uploads\/2022\/10\/SKM_C25822102714021.jpg?resize=768%2C924&amp;ssl=1 768w, https:\/\/i0.wp.com\/www.bachmann-museum.de\/wp-content\/uploads\/2022\/10\/SKM_C25822102714021.jpg?resize=1277%2C1536&amp;ssl=1 1277w, https:\/\/i0.wp.com\/www.bachmann-museum.de\/wp-content\/uploads\/2022\/10\/SKM_C25822102714021.jpg?w=1289&amp;ssl=1 1289w\" sizes=\"auto, (max-width: 249px) 100vw, 249px\" \/><\/a>Arbeiten von August Bachmann (1893 \u2013 1983) &#8211; Naturkunde, Urgeschichte, Geschichte, Volkskunde<br \/>\n<\/strong>Herausgegeben vom Landkreis Rotenburg (W\u00fcmme), bearbeitet von Elfriede Bachmann<\/p>\n<p><strong>\u00a0<\/strong>Mit diesem Buch gedenkt der Landkreis Rotenburg (W\u00fcmme) dem 100. Geburtstag und dem 10. Todestag seines langj\u00e4hrigen ehrenamtlichen Kulturpflegers August Bachmann. Es ist bis heute die einzige umfassende Publikation \u00fcber den Gr\u00fcnder und Namensgeber des Museums, den Forscher und Sammler August Bachmann.<\/p>\n<p>Neben Aufzeichnungen, in denen August Bachmann selbst \u00fcber seine T\u00e4tigkeit berichtet, vermitteln W\u00fcrdigungen und Nachrufe ein Bild von seinem Wirken. Eine Auswahl von Texten zur Naturkunde, Ur- und Fr\u00fchgeschichte und Geschichte des Altkreises Bremerv\u00f6rde und benachbarter Gebiete von August Bachmann zeigt sein gro\u00dfes Interessengebiet. Au\u00dferdem sammelte er historische \u00dcberlieferungen, allt\u00e4gliche Streiche und Sp\u00e4\u00dfe, aber auch Sagen und Spukgeschichten der Region auf. Ein Teil dieser wertvollen volkskundlichen Dokumentationen wird in diesem Buch erstmals ver\u00f6ffentlicht.<\/p>\n<p>Erschienen: 1993<br \/>\nFormat: ca. 24 x 17,2 cm<br \/>\n249 Seiten<br \/>\nPreis: 14,90 \u20ac<\/p>\n","protected":false},"excerpt":{"rendered":"<p>Unsere Ver\u00f6ffentlichungen k\u00f6nnen Sie bis zur Er\u00f6ffnung unserer neuen Ausstellung in der Verwaltung des Museums (Amtsallee 8, 27432 Bremerv\u00f6rde) erwerben. Wir freuen uns auf Ihren Besuch! Gerne senden wir Ihnen unsere Publikationen zu, Porto- und Versandkosten: 3,00 \u20ac. Tel.: 04761-983 4603 museum@lk-row.de &nbsp; &nbsp; Dr. Elfriede Bachmann Ein Tag im Krankenhaus kostete eine Mark Bremerv\u00f6rde [&hellip;]<\/p>\n","protected":false},"author":1,"featured_media":0,"parent":400,"menu_order":0,"comment_status":"closed","ping_status":"closed","template":"","meta":{"footnotes":""},"class_list":["post-3569","page","type-page","status-publish","hentry"],"yoast_head":"<!-- This site is optimized with the Yoast SEO plugin v27.4 - https:\/\/yoast.com\/product\/yoast-seo-wordpress\/ -->\n<title>Publikationen - Bachmann-Museum Bremerv\u00f6rde<\/title>\n<meta name=\"robots\" content=\"index, follow, max-snippet:-1, max-image-preview:large, max-video-preview:-1\" \/>\n<link rel=\"canonical\" href=\"https:\/\/www.bachmann-museum.de\/?page_id=3569\" \/>\n<meta property=\"og:locale\" content=\"de_DE\" \/>\n<meta property=\"og:type\" content=\"article\" \/>\n<meta property=\"og:title\" content=\"Publikationen - Bachmann-Museum Bremerv\u00f6rde\" \/>\n<meta property=\"og:description\" content=\"Unsere Ver\u00f6ffentlichungen k\u00f6nnen Sie bis zur Er\u00f6ffnung unserer neuen Ausstellung in der Verwaltung des Museums (Amtsallee 8, 27432 Bremerv\u00f6rde) erwerben. Wir freuen uns auf Ihren Besuch! Gerne senden wir Ihnen unsere Publikationen zu, Porto- und Versandkosten: 3,00 \u20ac. Tel.: 04761-983 4603 museum@lk-row.de &nbsp; &nbsp; Dr. Elfriede Bachmann Ein Tag im Krankenhaus kostete eine Mark Bremerv\u00f6rde [&hellip;]\" \/>\n<meta property=\"og:url\" content=\"https:\/\/www.bachmann-museum.de\/?page_id=3569\" \/>\n<meta property=\"og:site_name\" content=\"Bachmann-Museum Bremerv\u00f6rde\" \/>\n<meta property=\"article:modified_time\" content=\"2026-01-09T08:54:04+00:00\" \/>\n<meta property=\"og:image\" content=\"https:\/\/www.bachmann-museum.de\/wp-content\/uploads\/2024\/12\/Bildschirmfoto_2-12-2024_141357_-300x297.jpeg\" \/>\n<meta name=\"twitter:card\" content=\"summary_large_image\" \/>\n<meta name=\"twitter:label1\" content=\"Gesch\u00e4tzte Lesezeit\" \/>\n\t<meta name=\"twitter:data1\" content=\"6\u00a0Minuten\" \/>\n<script type=\"application\/ld+json\" class=\"yoast-schema-graph\">{\"@context\":\"https:\\\/\\\/schema.org\",\"@graph\":[{\"@type\":\"WebPage\",\"@id\":\"https:\\\/\\\/www.bachmann-museum.de\\\/?page_id=3569\",\"url\":\"https:\\\/\\\/www.bachmann-museum.de\\\/?page_id=3569\",\"name\":\"Publikationen - Bachmann-Museum Bremerv\u00f6rde\",\"isPartOf\":{\"@id\":\"https:\\\/\\\/www.bachmann-museum.de\\\/#website\"},\"primaryImageOfPage\":{\"@id\":\"https:\\\/\\\/www.bachmann-museum.de\\\/?page_id=3569#primaryimage\"},\"image\":{\"@id\":\"https:\\\/\\\/www.bachmann-museum.de\\\/?page_id=3569#primaryimage\"},\"thumbnailUrl\":\"https:\\\/\\\/www.bachmann-museum.de\\\/wp-content\\\/uploads\\\/2024\\\/12\\\/Bildschirmfoto_2-12-2024_141357_-300x297.jpeg\",\"datePublished\":\"2022-11-08T13:53:40+00:00\",\"dateModified\":\"2026-01-09T08:54:04+00:00\",\"breadcrumb\":{\"@id\":\"https:\\\/\\\/www.bachmann-museum.de\\\/?page_id=3569#breadcrumb\"},\"inLanguage\":\"de\",\"potentialAction\":[{\"@type\":\"ReadAction\",\"target\":[\"https:\\\/\\\/www.bachmann-museum.de\\\/?page_id=3569\"]}]},{\"@type\":\"ImageObject\",\"inLanguage\":\"de\",\"@id\":\"https:\\\/\\\/www.bachmann-museum.de\\\/?page_id=3569#primaryimage\",\"url\":\"https:\\\/\\\/www.bachmann-museum.de\\\/wp-content\\\/uploads\\\/2024\\\/12\\\/Bildschirmfoto_2-12-2024_141357_-300x297.jpeg\",\"contentUrl\":\"https:\\\/\\\/www.bachmann-museum.de\\\/wp-content\\\/uploads\\\/2024\\\/12\\\/Bildschirmfoto_2-12-2024_141357_-300x297.jpeg\"},{\"@type\":\"BreadcrumbList\",\"@id\":\"https:\\\/\\\/www.bachmann-museum.de\\\/?page_id=3569#breadcrumb\",\"itemListElement\":[{\"@type\":\"ListItem\",\"position\":1,\"name\":\"Start\",\"item\":\"https:\\\/\\\/www.bachmann-museum.de\\\/\"},{\"@type\":\"ListItem\",\"position\":2,\"name\":\"Angebote\",\"item\":\"https:\\\/\\\/www.bachmann-museum.de\\\/?page_id=400\"},{\"@type\":\"ListItem\",\"position\":3,\"name\":\"Publikationen\"}]},{\"@type\":\"WebSite\",\"@id\":\"https:\\\/\\\/www.bachmann-museum.de\\\/#website\",\"url\":\"https:\\\/\\\/www.bachmann-museum.de\\\/\",\"name\":\"Bachmann-Museum Bremerv\u00f6rde\",\"description\":\"\",\"potentialAction\":[{\"@type\":\"SearchAction\",\"target\":{\"@type\":\"EntryPoint\",\"urlTemplate\":\"https:\\\/\\\/www.bachmann-museum.de\\\/?s={search_term_string}\"},\"query-input\":{\"@type\":\"PropertyValueSpecification\",\"valueRequired\":true,\"valueName\":\"search_term_string\"}}],\"inLanguage\":\"de\"}]}<\/script>\n<!-- \/ Yoast SEO plugin. -->","yoast_head_json":{"title":"Publikationen - Bachmann-Museum Bremerv\u00f6rde","robots":{"index":"index","follow":"follow","max-snippet":"max-snippet:-1","max-image-preview":"max-image-preview:large","max-video-preview":"max-video-preview:-1"},"canonical":"https:\/\/www.bachmann-museum.de\/?page_id=3569","og_locale":"de_DE","og_type":"article","og_title":"Publikationen - Bachmann-Museum Bremerv\u00f6rde","og_description":"Unsere Ver\u00f6ffentlichungen k\u00f6nnen Sie bis zur Er\u00f6ffnung unserer neuen Ausstellung in der Verwaltung des Museums (Amtsallee 8, 27432 Bremerv\u00f6rde) erwerben. Wir freuen uns auf Ihren Besuch! Gerne senden wir Ihnen unsere Publikationen zu, Porto- und Versandkosten: 3,00 \u20ac. Tel.: 04761-983 4603 museum@lk-row.de &nbsp; &nbsp; Dr. Elfriede Bachmann Ein Tag im Krankenhaus kostete eine Mark Bremerv\u00f6rde [&hellip;]","og_url":"https:\/\/www.bachmann-museum.de\/?page_id=3569","og_site_name":"Bachmann-Museum Bremerv\u00f6rde","article_modified_time":"2026-01-09T08:54:04+00:00","og_image":[{"url":"https:\/\/www.bachmann-museum.de\/wp-content\/uploads\/2024\/12\/Bildschirmfoto_2-12-2024_141357_-300x297.jpeg","type":"","width":"","height":""}],"twitter_card":"summary_large_image","twitter_misc":{"Gesch\u00e4tzte Lesezeit":"6\u00a0Minuten"},"schema":{"@context":"https:\/\/schema.org","@graph":[{"@type":"WebPage","@id":"https:\/\/www.bachmann-museum.de\/?page_id=3569","url":"https:\/\/www.bachmann-museum.de\/?page_id=3569","name":"Publikationen - Bachmann-Museum Bremerv\u00f6rde","isPartOf":{"@id":"https:\/\/www.bachmann-museum.de\/#website"},"primaryImageOfPage":{"@id":"https:\/\/www.bachmann-museum.de\/?page_id=3569#primaryimage"},"image":{"@id":"https:\/\/www.bachmann-museum.de\/?page_id=3569#primaryimage"},"thumbnailUrl":"https:\/\/www.bachmann-museum.de\/wp-content\/uploads\/2024\/12\/Bildschirmfoto_2-12-2024_141357_-300x297.jpeg","datePublished":"2022-11-08T13:53:40+00:00","dateModified":"2026-01-09T08:54:04+00:00","breadcrumb":{"@id":"https:\/\/www.bachmann-museum.de\/?page_id=3569#breadcrumb"},"inLanguage":"de","potentialAction":[{"@type":"ReadAction","target":["https:\/\/www.bachmann-museum.de\/?page_id=3569"]}]},{"@type":"ImageObject","inLanguage":"de","@id":"https:\/\/www.bachmann-museum.de\/?page_id=3569#primaryimage","url":"https:\/\/www.bachmann-museum.de\/wp-content\/uploads\/2024\/12\/Bildschirmfoto_2-12-2024_141357_-300x297.jpeg","contentUrl":"https:\/\/www.bachmann-museum.de\/wp-content\/uploads\/2024\/12\/Bildschirmfoto_2-12-2024_141357_-300x297.jpeg"},{"@type":"BreadcrumbList","@id":"https:\/\/www.bachmann-museum.de\/?page_id=3569#breadcrumb","itemListElement":[{"@type":"ListItem","position":1,"name":"Start","item":"https:\/\/www.bachmann-museum.de\/"},{"@type":"ListItem","position":2,"name":"Angebote","item":"https:\/\/www.bachmann-museum.de\/?page_id=400"},{"@type":"ListItem","position":3,"name":"Publikationen"}]},{"@type":"WebSite","@id":"https:\/\/www.bachmann-museum.de\/#website","url":"https:\/\/www.bachmann-museum.de\/","name":"Bachmann-Museum Bremerv\u00f6rde","description":"","potentialAction":[{"@type":"SearchAction","target":{"@type":"EntryPoint","urlTemplate":"https:\/\/www.bachmann-museum.de\/?s={search_term_string}"},"query-input":{"@type":"PropertyValueSpecification","valueRequired":true,"valueName":"search_term_string"}}],"inLanguage":"de"}]}},"jetpack_sharing_enabled":true,"jetpack_shortlink":"https:\/\/wp.me\/P5DgYi-Vz","jetpack-related-posts":[],"_links":{"self":[{"href":"https:\/\/www.bachmann-museum.de\/index.php?rest_route=\/wp\/v2\/pages\/3569","targetHints":{"allow":["GET"]}}],"collection":[{"href":"https:\/\/www.bachmann-museum.de\/index.php?rest_route=\/wp\/v2\/pages"}],"about":[{"href":"https:\/\/www.bachmann-museum.de\/index.php?rest_route=\/wp\/v2\/types\/page"}],"author":[{"embeddable":true,"href":"https:\/\/www.bachmann-museum.de\/index.php?rest_route=\/wp\/v2\/users\/1"}],"replies":[{"embeddable":true,"href":"https:\/\/www.bachmann-museum.de\/index.php?rest_route=%2Fwp%2Fv2%2Fcomments&post=3569"}],"version-history":[{"count":28,"href":"https:\/\/www.bachmann-museum.de\/index.php?rest_route=\/wp\/v2\/pages\/3569\/revisions"}],"predecessor-version":[{"id":3659,"href":"https:\/\/www.bachmann-museum.de\/index.php?rest_route=\/wp\/v2\/pages\/3569\/revisions\/3659"}],"up":[{"embeddable":true,"href":"https:\/\/www.bachmann-museum.de\/index.php?rest_route=\/wp\/v2\/pages\/400"}],"wp:attachment":[{"href":"https:\/\/www.bachmann-museum.de\/index.php?rest_route=%2Fwp%2Fv2%2Fmedia&parent=3569"}],"curies":[{"name":"wp","href":"https:\/\/api.w.org\/{rel}","templated":true}]}}