{"id":2719,"date":"2020-01-31T13:15:57","date_gmt":"2020-01-31T11:15:57","guid":{"rendered":"http:\/\/www.bachmann-museum.de\/?page_id=2719"},"modified":"2020-01-31T13:15:57","modified_gmt":"2020-01-31T11:15:57","slug":"neukonzeption","status":"publish","type":"page","link":"https:\/\/www.bachmann-museum.de\/?page_id=2719","title":{"rendered":"Neukonzeption"},"content":{"rendered":"<p>In unserer Brosch\u00fcre \u201eAuf neuen Wegen in die Zukunft\u201c stellen wir unser Leitbild und unser Basiskonzept f\u00fcr eine neue Dauerausstellung vor.<\/p>\n<p>Gef\u00f6rdert vom Landschaftsverband Stade mit Mitteln des Landes Niedersachsen und vom Landkreis Rotenburg (W\u00fcmme)<\/p>\n<p>Zur Brosch\u00fcre klicken Sie bitte <a href=\"https:\/\/www.bachmann-museum.de\/wp-content\/uploads\/2020\/01\/Bachmann-Museum-Brosch%C3%BCre-Auf-neuen-Wegen.pdf\">hier.<\/a><\/p>\n","protected":false},"excerpt":{"rendered":"<p>In unserer Brosch\u00fcre \u201eAuf neuen Wegen in die Zukunft\u201c stellen wir unser Leitbild und unser Basiskonzept f\u00fcr eine neue Dauerausstellung vor. Gef\u00f6rdert vom Landschaftsverband Stade mit Mitteln des Landes Niedersachsen und vom Landkreis Rotenburg (W\u00fcmme) Zur Brosch\u00fcre klicken Sie bitte hier.<\/p>\n","protected":false},"author":1,"featured_media":0,"parent":42,"menu_order":2,"comment_status":"closed","ping_status":"closed","template":"","meta":{"footnotes":""},"class_list":["post-2719","page","type-page","status-publish","hentry"],"yoast_head":"<!-- This site is optimized with the Yoast SEO plugin v27.5 - https:\/\/yoast.com\/product\/yoast-seo-wordpress\/ -->\n<title>Neukonzeption - Bachmann-Museum Bremerv\u00f6rde<\/title>\n<meta name=\"robots\" content=\"index, follow, max-snippet:-1, max-image-preview:large, max-video-preview:-1\" \/>\n<link rel=\"canonical\" href=\"https:\/\/www.bachmann-museum.de\/?page_id=2719\" \/>\n<meta property=\"og:locale\" content=\"de_DE\" \/>\n<meta property=\"og:type\" content=\"article\" \/>\n<meta property=\"og:title\" content=\"Neukonzeption - Bachmann-Museum Bremerv\u00f6rde\" \/>\n<meta property=\"og:description\" content=\"In unserer Brosch\u00fcre \u201eAuf neuen Wegen in die Zukunft\u201c stellen wir unser Leitbild und unser Basiskonzept f\u00fcr eine neue Dauerausstellung vor. Gef\u00f6rdert vom Landschaftsverband Stade mit Mitteln des Landes Niedersachsen und vom Landkreis Rotenburg (W\u00fcmme) Zur Brosch\u00fcre klicken Sie bitte hier.\" \/>\n<meta property=\"og:url\" content=\"https:\/\/www.bachmann-museum.de\/?page_id=2719\" \/>\n<meta property=\"og:site_name\" content=\"Bachmann-Museum Bremerv\u00f6rde\" \/>\n<meta name=\"twitter:card\" content=\"summary_large_image\" \/>\n<script type=\"application\/ld+json\" class=\"yoast-schema-graph\">{\"@context\":\"https:\\\/\\\/schema.org\",\"@graph\":[{\"@type\":\"WebPage\",\"@id\":\"https:\\\/\\\/www.bachmann-museum.de\\\/?page_id=2719\",\"url\":\"https:\\\/\\\/www.bachmann-museum.de\\\/?page_id=2719\",\"name\":\"Neukonzeption - Bachmann-Museum Bremerv\u00f6rde\",\"isPartOf\":{\"@id\":\"https:\\\/\\\/www.bachmann-museum.de\\\/#website\"},\"datePublished\":\"2020-01-31T11:15:57+00:00\",\"breadcrumb\":{\"@id\":\"https:\\\/\\\/www.bachmann-museum.de\\\/?page_id=2719#breadcrumb\"},\"inLanguage\":\"de\",\"potentialAction\":[{\"@type\":\"ReadAction\",\"target\":[\"https:\\\/\\\/www.bachmann-museum.de\\\/?page_id=2719\"]}]},{\"@type\":\"BreadcrumbList\",\"@id\":\"https:\\\/\\\/www.bachmann-museum.de\\\/?page_id=2719#breadcrumb\",\"itemListElement\":[{\"@type\":\"ListItem\",\"position\":1,\"name\":\"Start\",\"item\":\"https:\\\/\\\/www.bachmann-museum.de\\\/\"},{\"@type\":\"ListItem\",\"position\":2,\"name\":\"Museum\",\"item\":\"https:\\\/\\\/www.bachmann-museum.de\\\/?page_id=42\"},{\"@type\":\"ListItem\",\"position\":3,\"name\":\"Neukonzeption\"}]},{\"@type\":\"WebSite\",\"@id\":\"https:\\\/\\\/www.bachmann-museum.de\\\/#website\",\"url\":\"https:\\\/\\\/www.bachmann-museum.de\\\/\",\"name\":\"Bachmann-Museum Bremerv\u00f6rde\",\"description\":\"\",\"potentialAction\":[{\"@type\":\"SearchAction\",\"target\":{\"@type\":\"EntryPoint\",\"urlTemplate\":\"https:\\\/\\\/www.bachmann-museum.de\\\/?s={search_term_string}\"},\"query-input\":{\"@type\":\"PropertyValueSpecification\",\"valueRequired\":true,\"valueName\":\"search_term_string\"}}],\"inLanguage\":\"de\"}]}<\/script>\n<!-- \/ Yoast SEO plugin. -->","yoast_head_json":{"title":"Neukonzeption - Bachmann-Museum Bremerv\u00f6rde","robots":{"index":"index","follow":"follow","max-snippet":"max-snippet:-1","max-image-preview":"max-image-preview:large","max-video-preview":"max-video-preview:-1"},"canonical":"https:\/\/www.bachmann-museum.de\/?page_id=2719","og_locale":"de_DE","og_type":"article","og_title":"Neukonzeption - Bachmann-Museum Bremerv\u00f6rde","og_description":"In unserer Brosch\u00fcre \u201eAuf neuen Wegen in die Zukunft\u201c stellen wir unser Leitbild und unser Basiskonzept f\u00fcr eine neue Dauerausstellung vor. Gef\u00f6rdert vom Landschaftsverband Stade mit Mitteln des Landes Niedersachsen und vom Landkreis Rotenburg (W\u00fcmme) Zur Brosch\u00fcre klicken Sie bitte hier.","og_url":"https:\/\/www.bachmann-museum.de\/?page_id=2719","og_site_name":"Bachmann-Museum Bremerv\u00f6rde","twitter_card":"summary_large_image","schema":{"@context":"https:\/\/schema.org","@graph":[{"@type":"WebPage","@id":"https:\/\/www.bachmann-museum.de\/?page_id=2719","url":"https:\/\/www.bachmann-museum.de\/?page_id=2719","name":"Neukonzeption - Bachmann-Museum Bremerv\u00f6rde","isPartOf":{"@id":"https:\/\/www.bachmann-museum.de\/#website"},"datePublished":"2020-01-31T11:15:57+00:00","breadcrumb":{"@id":"https:\/\/www.bachmann-museum.de\/?page_id=2719#breadcrumb"},"inLanguage":"de","potentialAction":[{"@type":"ReadAction","target":["https:\/\/www.bachmann-museum.de\/?page_id=2719"]}]},{"@type":"BreadcrumbList","@id":"https:\/\/www.bachmann-museum.de\/?page_id=2719#breadcrumb","itemListElement":[{"@type":"ListItem","position":1,"name":"Start","item":"https:\/\/www.bachmann-museum.de\/"},{"@type":"ListItem","position":2,"name":"Museum","item":"https:\/\/www.bachmann-museum.de\/?page_id=42"},{"@type":"ListItem","position":3,"name":"Neukonzeption"}]},{"@type":"WebSite","@id":"https:\/\/www.bachmann-museum.de\/#website","url":"https:\/\/www.bachmann-museum.de\/","name":"Bachmann-Museum Bremerv\u00f6rde","description":"","potentialAction":[{"@type":"SearchAction","target":{"@type":"EntryPoint","urlTemplate":"https:\/\/www.bachmann-museum.de\/?s={search_term_string}"},"query-input":{"@type":"PropertyValueSpecification","valueRequired":true,"valueName":"search_term_string"}}],"inLanguage":"de"}]}},"jetpack_sharing_enabled":true,"jetpack_shortlink":"https:\/\/wp.me\/P5DgYi-HR","jetpack-related-posts":[],"_links":{"self":[{"href":"https:\/\/www.bachmann-museum.de\/index.php?rest_route=\/wp\/v2\/pages\/2719","targetHints":{"allow":["GET"]}}],"collection":[{"href":"https:\/\/www.bachmann-museum.de\/index.php?rest_route=\/wp\/v2\/pages"}],"about":[{"href":"https:\/\/www.bachmann-museum.de\/index.php?rest_route=\/wp\/v2\/types\/page"}],"author":[{"embeddable":true,"href":"https:\/\/www.bachmann-museum.de\/index.php?rest_route=\/wp\/v2\/users\/1"}],"replies":[{"embeddable":true,"href":"https:\/\/www.bachmann-museum.de\/index.php?rest_route=%2Fwp%2Fv2%2Fcomments&post=2719"}],"version-history":[{"count":4,"href":"https:\/\/www.bachmann-museum.de\/index.php?rest_route=\/wp\/v2\/pages\/2719\/revisions"}],"predecessor-version":[{"id":2727,"href":"https:\/\/www.bachmann-museum.de\/index.php?rest_route=\/wp\/v2\/pages\/2719\/revisions\/2727"}],"up":[{"embeddable":true,"href":"https:\/\/www.bachmann-museum.de\/index.php?rest_route=\/wp\/v2\/pages\/42"}],"wp:attachment":[{"href":"https:\/\/www.bachmann-museum.de\/index.php?rest_route=%2Fwp%2Fv2%2Fmedia&parent=2719"}],"curies":[{"name":"wp","href":"https:\/\/api.w.org\/{rel}","templated":true}]}}