{"id":12,"date":"2014-11-26T10:48:03","date_gmt":"2014-11-26T08:48:03","guid":{"rendered":"http:\/\/www.bachmann-museum.de\/?page_id=12"},"modified":"2026-01-27T12:09:51","modified_gmt":"2026-01-27T11:09:51","slug":"kontakt","status":"publish","type":"page","link":"https:\/\/www.bachmann-museum.de\/?page_id=12","title":{"rendered":"Service &#038; Kontakt"},"content":{"rendered":"<h3><\/h3>\n<h3>Allgemein<\/h3>\n<p><img data-recalc-dims=\"1\" loading=\"lazy\" decoding=\"async\" data-attachment-id=\"688\" data-permalink=\"https:\/\/www.bachmann-museum.de\/?attachment_id=688\" data-orig-file=\"https:\/\/i0.wp.com\/www.bachmann-museum.de\/wp-content\/uploads\/2014\/11\/Kontakt_Haus.jpg?fit=1181%2C1181&amp;ssl=1\" data-orig-size=\"1181,1181\" data-comments-opened=\"0\" data-image-meta=\"{&quot;aperture&quot;:&quot;0&quot;,&quot;credit&quot;:&quot;&quot;,&quot;camera&quot;:&quot;&quot;,&quot;caption&quot;:&quot;&quot;,&quot;created_timestamp&quot;:&quot;0&quot;,&quot;copyright&quot;:&quot;&quot;,&quot;focal_length&quot;:&quot;0&quot;,&quot;iso&quot;:&quot;0&quot;,&quot;shutter_speed&quot;:&quot;0&quot;,&quot;title&quot;:&quot;&quot;,&quot;orientation&quot;:&quot;0&quot;}\" data-image-title=\"Kontakt_Haus\" data-image-description=\"\" data-image-caption=\"\" data-large-file=\"https:\/\/i0.wp.com\/www.bachmann-museum.de\/wp-content\/uploads\/2014\/11\/Kontakt_Haus.jpg?fit=750%2C750&amp;ssl=1\" class=\"alignleft wp-image-688\" src=\"https:\/\/i0.wp.com\/www.bachmann-museum.de\/wp-content\/uploads\/2014\/11\/Kontakt_Haus.jpg?resize=239%2C239&#038;ssl=1\" alt=\"Kontakt_Haus\" width=\"239\" height=\"239\" srcset=\"https:\/\/i0.wp.com\/www.bachmann-museum.de\/wp-content\/uploads\/2014\/11\/Kontakt_Haus.jpg?w=1181&amp;ssl=1 1181w, https:\/\/i0.wp.com\/www.bachmann-museum.de\/wp-content\/uploads\/2014\/11\/Kontakt_Haus.jpg?resize=150%2C150&amp;ssl=1 150w, https:\/\/i0.wp.com\/www.bachmann-museum.de\/wp-content\/uploads\/2014\/11\/Kontakt_Haus.jpg?resize=300%2C300&amp;ssl=1 300w, https:\/\/i0.wp.com\/www.bachmann-museum.de\/wp-content\/uploads\/2014\/11\/Kontakt_Haus.jpg?resize=1024%2C1024&amp;ssl=1 1024w\" sizes=\"auto, (max-width: 239px) 100vw, 239px\" \/><strong>Bachmann-Museum Bremerv\u00f6rde<\/strong><br \/>\nAmtsallee 8<br \/>\n27432 Bremerv\u00f6rde<\/p>\n<p>Telefon: 04761-983 4603<br \/>\nTelefax: 04761-983 4610<br \/>\nEmail: museum(at)lk-row.de<\/p>\n<p>&nbsp;<\/p>\n<p>&nbsp;<\/p>\n<p>Alle Email-Adressen auf dieser Seite wurden zum Schutz vor Malware nicht funktionsf\u00e4hig ausgeschrieben. Bitte ersetzen Sie in Ihrer Email das (at) durch @.<\/p>\n<p><span style=\"color: #ffffff;\">l<\/span><\/p>\n<h3>Ansprechpartner<\/h3>\n<p><strong><img data-recalc-dims=\"1\" loading=\"lazy\" decoding=\"async\" data-attachment-id=\"3929\" data-permalink=\"https:\/\/www.bachmann-museum.de\/?attachment_id=3929\" data-orig-file=\"https:\/\/i0.wp.com\/www.bachmann-museum.de\/wp-content\/uploads\/2023\/12\/Ellen-Horstrup-scaled.jpg?fit=2560%2C2366&amp;ssl=1\" data-orig-size=\"2560,2366\" data-comments-opened=\"0\" data-image-meta=\"{&quot;aperture&quot;:&quot;5.6&quot;,&quot;credit&quot;:&quot;&quot;,&quot;camera&quot;:&quot;NIKON D5600&quot;,&quot;caption&quot;:&quot;&quot;,&quot;created_timestamp&quot;:&quot;1703231167&quot;,&quot;copyright&quot;:&quot;&quot;,&quot;focal_length&quot;:&quot;56&quot;,&quot;iso&quot;:&quot;400&quot;,&quot;shutter_speed&quot;:&quot;0.016666666666667&quot;,&quot;title&quot;:&quot;&quot;,&quot;orientation&quot;:&quot;1&quot;}\" data-image-title=\"Ellen Horstrup\" data-image-description=\"\" data-image-caption=\"\" data-large-file=\"https:\/\/i0.wp.com\/www.bachmann-museum.de\/wp-content\/uploads\/2023\/12\/Ellen-Horstrup-scaled.jpg?fit=750%2C693&amp;ssl=1\" class=\"wp-image-3929 alignleft\" src=\"https:\/\/i0.wp.com\/www.bachmann-museum.de\/wp-content\/uploads\/2023\/12\/Ellen-Horstrup.jpg?resize=247%2C228&#038;ssl=1\" alt=\"\" width=\"247\" height=\"228\" srcset=\"https:\/\/i0.wp.com\/www.bachmann-museum.de\/wp-content\/uploads\/2023\/12\/Ellen-Horstrup-scaled.jpg?resize=300%2C277&amp;ssl=1 300w, https:\/\/i0.wp.com\/www.bachmann-museum.de\/wp-content\/uploads\/2023\/12\/Ellen-Horstrup-scaled.jpg?resize=1024%2C946&amp;ssl=1 1024w, https:\/\/i0.wp.com\/www.bachmann-museum.de\/wp-content\/uploads\/2023\/12\/Ellen-Horstrup-scaled.jpg?resize=768%2C710&amp;ssl=1 768w, https:\/\/i0.wp.com\/www.bachmann-museum.de\/wp-content\/uploads\/2023\/12\/Ellen-Horstrup-scaled.jpg?resize=1536%2C1420&amp;ssl=1 1536w, https:\/\/i0.wp.com\/www.bachmann-museum.de\/wp-content\/uploads\/2023\/12\/Ellen-Horstrup-scaled.jpg?resize=2048%2C1893&amp;ssl=1 2048w, https:\/\/i0.wp.com\/www.bachmann-museum.de\/wp-content\/uploads\/2023\/12\/Ellen-Horstrup-scaled.jpg?w=2250&amp;ssl=1 2250w\" sizes=\"auto, (max-width: 247px) 100vw, 247px\" \/>Museumsleiterin,<br \/>\nGesch\u00e4ftsf\u00fchrerin der Stiftung Bachmann-Museum<br \/>\n<\/strong><\/p>\n<p>Ellen Horstrup, M.A.<\/p>\n<p>04761-983 4602<br \/>\nellen.horstrup(at)lk-row.de<\/p>\n<p><span style=\"color: #ffffff;\">kkk<\/span><\/p>\n<p>&nbsp;<\/p>\n<p>&nbsp;<\/p>\n<p><strong><img data-recalc-dims=\"1\" loading=\"lazy\" decoding=\"async\" data-attachment-id=\"702\" data-permalink=\"https:\/\/www.bachmann-museum.de\/?attachment_id=702\" data-orig-file=\"https:\/\/i0.wp.com\/www.bachmann-museum.de\/wp-content\/uploads\/2014\/11\/Kontakt_Mittmann.jpg?fit=2362%2C2362&amp;ssl=1\" data-orig-size=\"2362,2362\" data-comments-opened=\"0\" data-image-meta=\"{&quot;aperture&quot;:&quot;0&quot;,&quot;credit&quot;:&quot;&quot;,&quot;camera&quot;:&quot;&quot;,&quot;caption&quot;:&quot;&quot;,&quot;created_timestamp&quot;:&quot;0&quot;,&quot;copyright&quot;:&quot;&quot;,&quot;focal_length&quot;:&quot;0&quot;,&quot;iso&quot;:&quot;0&quot;,&quot;shutter_speed&quot;:&quot;0&quot;,&quot;title&quot;:&quot;&quot;,&quot;orientation&quot;:&quot;0&quot;}\" data-image-title=\"Kontakt_Mittmann\" data-image-description=\"\" data-image-caption=\"\" data-large-file=\"https:\/\/i0.wp.com\/www.bachmann-museum.de\/wp-content\/uploads\/2014\/11\/Kontakt_Mittmann.jpg?fit=750%2C750&amp;ssl=1\" class=\"alignleft wp-image-702\" src=\"https:\/\/i0.wp.com\/www.bachmann-museum.de\/wp-content\/uploads\/2014\/11\/Kontakt_Mittmann.jpg?resize=251%2C251&#038;ssl=1\" alt=\"Kontakt_Mittmann\" width=\"251\" height=\"251\" srcset=\"https:\/\/i0.wp.com\/www.bachmann-museum.de\/wp-content\/uploads\/2014\/11\/Kontakt_Mittmann.jpg?w=2362&amp;ssl=1 2362w, https:\/\/i0.wp.com\/www.bachmann-museum.de\/wp-content\/uploads\/2014\/11\/Kontakt_Mittmann.jpg?resize=150%2C150&amp;ssl=1 150w, https:\/\/i0.wp.com\/www.bachmann-museum.de\/wp-content\/uploads\/2014\/11\/Kontakt_Mittmann.jpg?resize=300%2C300&amp;ssl=1 300w, https:\/\/i0.wp.com\/www.bachmann-museum.de\/wp-content\/uploads\/2014\/11\/Kontakt_Mittmann.jpg?resize=1024%2C1024&amp;ssl=1 1024w, https:\/\/i0.wp.com\/www.bachmann-museum.de\/wp-content\/uploads\/2014\/11\/Kontakt_Mittmann.jpg?w=1500&amp;ssl=1 1500w, https:\/\/i0.wp.com\/www.bachmann-museum.de\/wp-content\/uploads\/2014\/11\/Kontakt_Mittmann.jpg?w=2250&amp;ssl=1 2250w\" sizes=\"auto, (max-width: 251px) 100vw, 251px\" \/><\/strong><strong>Wissenschaftliche Mitarbeiterin,<\/strong><br \/>\n<strong>Stellvertr. Museumleiterin<\/strong><\/p>\n<p>Diplom-Pr\u00e4historikerin Meike Mittmann<\/p>\n<p>04761-983 4605<br \/>\nmeike.mittmann(at)lk-row.de<\/p>\n<p>&nbsp;<\/p>\n<p>&nbsp;<\/p>\n<p>&nbsp;<\/p>\n<p><img data-recalc-dims=\"1\" loading=\"lazy\" decoding=\"async\" data-attachment-id=\"3930\" data-permalink=\"https:\/\/www.bachmann-museum.de\/?attachment_id=3930\" data-orig-file=\"https:\/\/i0.wp.com\/www.bachmann-museum.de\/wp-content\/uploads\/2023\/12\/Lothar-Safier-scaled.jpg?fit=2441%2C2560&amp;ssl=1\" data-orig-size=\"2441,2560\" data-comments-opened=\"0\" data-image-meta=\"{&quot;aperture&quot;:&quot;5.6&quot;,&quot;credit&quot;:&quot;&quot;,&quot;camera&quot;:&quot;NIKON D5600&quot;,&quot;caption&quot;:&quot;&quot;,&quot;created_timestamp&quot;:&quot;1703230974&quot;,&quot;copyright&quot;:&quot;&quot;,&quot;focal_length&quot;:&quot;32&quot;,&quot;iso&quot;:&quot;400&quot;,&quot;shutter_speed&quot;:&quot;0.016666666666667&quot;,&quot;title&quot;:&quot;&quot;,&quot;orientation&quot;:&quot;1&quot;}\" data-image-title=\"Lothar Safier\" data-image-description=\"\" data-image-caption=\"\" data-large-file=\"https:\/\/i0.wp.com\/www.bachmann-museum.de\/wp-content\/uploads\/2023\/12\/Lothar-Safier-scaled.jpg?fit=750%2C787&amp;ssl=1\" class=\"wp-image-3930 alignleft\" src=\"https:\/\/i0.wp.com\/www.bachmann-museum.de\/wp-content\/uploads\/2023\/12\/Lothar-Safier.jpg?resize=247%2C259&#038;ssl=1\" alt=\"\" width=\"247\" height=\"259\" srcset=\"https:\/\/i0.wp.com\/www.bachmann-museum.de\/wp-content\/uploads\/2023\/12\/Lothar-Safier-scaled.jpg?resize=286%2C300&amp;ssl=1 286w, https:\/\/i0.wp.com\/www.bachmann-museum.de\/wp-content\/uploads\/2023\/12\/Lothar-Safier-scaled.jpg?resize=976%2C1024&amp;ssl=1 976w, https:\/\/i0.wp.com\/www.bachmann-museum.de\/wp-content\/uploads\/2023\/12\/Lothar-Safier-scaled.jpg?resize=768%2C806&amp;ssl=1 768w, https:\/\/i0.wp.com\/www.bachmann-museum.de\/wp-content\/uploads\/2023\/12\/Lothar-Safier-scaled.jpg?resize=1464%2C1536&amp;ssl=1 1464w, https:\/\/i0.wp.com\/www.bachmann-museum.de\/wp-content\/uploads\/2023\/12\/Lothar-Safier-scaled.jpg?resize=1953%2C2048&amp;ssl=1 1953w, https:\/\/i0.wp.com\/www.bachmann-museum.de\/wp-content\/uploads\/2023\/12\/Lothar-Safier-scaled.jpg?w=2250&amp;ssl=1 2250w\" sizes=\"auto, (max-width: 247px) 100vw, 247px\" \/><\/p>\n<p><strong>Sammlungsverwalter<br \/>\n<\/strong><\/p>\n<p>Lothar Safier<\/p>\n<p>04761-983 4612<br \/>\nlothar.safier(at)lk-row.de<\/p>\n<p>&nbsp;<\/p>\n<p>&nbsp;<\/p>\n<p>&nbsp;<\/p>\n<p>&nbsp;<\/p>\n<p><img data-recalc-dims=\"1\" loading=\"lazy\" decoding=\"async\" data-attachment-id=\"4275\" data-permalink=\"https:\/\/www.bachmann-museum.de\/?attachment_id=4275\" data-orig-file=\"https:\/\/i0.wp.com\/www.bachmann-museum.de\/wp-content\/uploads\/2026\/01\/Miriam-3-scaled.jpg?fit=2258%2C2560&amp;ssl=1\" data-orig-size=\"2258,2560\" data-comments-opened=\"0\" data-image-meta=\"{&quot;aperture&quot;:&quot;5&quot;,&quot;credit&quot;:&quot;&quot;,&quot;camera&quot;:&quot;Canon EOS 1300D&quot;,&quot;caption&quot;:&quot;&quot;,&quot;created_timestamp&quot;:&quot;1738745159&quot;,&quot;copyright&quot;:&quot;&quot;,&quot;focal_length&quot;:&quot;45&quot;,&quot;iso&quot;:&quot;800&quot;,&quot;shutter_speed&quot;:&quot;0.016666666666667&quot;,&quot;title&quot;:&quot;&quot;,&quot;orientation&quot;:&quot;1&quot;}\" data-image-title=\"Miriam 3\" data-image-description=\"\" data-image-caption=\"\" data-large-file=\"https:\/\/i0.wp.com\/www.bachmann-museum.de\/wp-content\/uploads\/2026\/01\/Miriam-3-scaled.jpg?fit=750%2C850&amp;ssl=1\" class=\"wp-image-4275 alignleft\" src=\"https:\/\/i0.wp.com\/www.bachmann-museum.de\/wp-content\/uploads\/2026\/01\/Miriam-3.jpg?resize=243%2C275&#038;ssl=1\" alt=\"\" width=\"243\" height=\"275\" srcset=\"https:\/\/i0.wp.com\/www.bachmann-museum.de\/wp-content\/uploads\/2026\/01\/Miriam-3-scaled.jpg?resize=265%2C300&amp;ssl=1 265w, https:\/\/i0.wp.com\/www.bachmann-museum.de\/wp-content\/uploads\/2026\/01\/Miriam-3-scaled.jpg?resize=903%2C1024&amp;ssl=1 903w, https:\/\/i0.wp.com\/www.bachmann-museum.de\/wp-content\/uploads\/2026\/01\/Miriam-3-scaled.jpg?resize=768%2C871&amp;ssl=1 768w, https:\/\/i0.wp.com\/www.bachmann-museum.de\/wp-content\/uploads\/2026\/01\/Miriam-3-scaled.jpg?resize=1355%2C1536&amp;ssl=1 1355w, https:\/\/i0.wp.com\/www.bachmann-museum.de\/wp-content\/uploads\/2026\/01\/Miriam-3-scaled.jpg?resize=1807%2C2048&amp;ssl=1 1807w, https:\/\/i0.wp.com\/www.bachmann-museum.de\/wp-content\/uploads\/2026\/01\/Miriam-3-scaled.jpg?w=1500&amp;ssl=1 1500w, https:\/\/i0.wp.com\/www.bachmann-museum.de\/wp-content\/uploads\/2026\/01\/Miriam-3-scaled.jpg?w=2250&amp;ssl=1 2250w\" sizes=\"auto, (max-width: 243px) 100vw, 243px\" \/><\/p>\n<p><strong>Restauratorin<\/strong><\/p>\n<p>Miriam G\u00e1yer, B. A.<\/p>\n<p>04761-983 4612<br \/>\nmiriam.gayer(at)lk-row.de<\/p>\n<p>&nbsp;<\/p>\n<p>&nbsp;<\/p>\n<p>&nbsp;<\/p>\n<p>&nbsp;<\/p>\n<p><strong><img data-recalc-dims=\"1\" loading=\"lazy\" decoding=\"async\" data-attachment-id=\"4196\" data-permalink=\"https:\/\/www.bachmann-museum.de\/?attachment_id=4196\" data-orig-file=\"https:\/\/i0.wp.com\/www.bachmann-museum.de\/wp-content\/uploads\/2025\/06\/Annika-Jaeger_geschnitten-scaled.jpg?fit=2504%2C2560&amp;ssl=1\" data-orig-size=\"2504,2560\" data-comments-opened=\"0\" data-image-meta=\"{&quot;aperture&quot;:&quot;5.6&quot;,&quot;credit&quot;:&quot;&quot;,&quot;camera&quot;:&quot;Canon EOS 1300D&quot;,&quot;caption&quot;:&quot;&quot;,&quot;created_timestamp&quot;:&quot;1750320464&quot;,&quot;copyright&quot;:&quot;&quot;,&quot;focal_length&quot;:&quot;55&quot;,&quot;iso&quot;:&quot;200&quot;,&quot;shutter_speed&quot;:&quot;0.01&quot;,&quot;title&quot;:&quot;&quot;,&quot;orientation&quot;:&quot;1&quot;}\" data-image-title=\"Annika Jaeger_geschnitten\" data-image-description=\"\" data-image-caption=\"\" data-large-file=\"https:\/\/i0.wp.com\/www.bachmann-museum.de\/wp-content\/uploads\/2025\/06\/Annika-Jaeger_geschnitten-scaled.jpg?fit=750%2C766&amp;ssl=1\" class=\"wp-image-4196 alignleft\" src=\"https:\/\/i0.wp.com\/www.bachmann-museum.de\/wp-content\/uploads\/2025\/06\/Annika-Jaeger_geschnitten.jpg?resize=246%2C251&#038;ssl=1\" alt=\"\" width=\"246\" height=\"251\" srcset=\"https:\/\/i0.wp.com\/www.bachmann-museum.de\/wp-content\/uploads\/2025\/06\/Annika-Jaeger_geschnitten-scaled.jpg?resize=1002%2C1024&amp;ssl=1 1002w, https:\/\/i0.wp.com\/www.bachmann-museum.de\/wp-content\/uploads\/2025\/06\/Annika-Jaeger_geschnitten-scaled.jpg?resize=293%2C300&amp;ssl=1 293w, https:\/\/i0.wp.com\/www.bachmann-museum.de\/wp-content\/uploads\/2025\/06\/Annika-Jaeger_geschnitten-scaled.jpg?resize=768%2C785&amp;ssl=1 768w, https:\/\/i0.wp.com\/www.bachmann-museum.de\/wp-content\/uploads\/2025\/06\/Annika-Jaeger_geschnitten-scaled.jpg?resize=1503%2C1536&amp;ssl=1 1503w, https:\/\/i0.wp.com\/www.bachmann-museum.de\/wp-content\/uploads\/2025\/06\/Annika-Jaeger_geschnitten-scaled.jpg?resize=2003%2C2048&amp;ssl=1 2003w, https:\/\/i0.wp.com\/www.bachmann-museum.de\/wp-content\/uploads\/2025\/06\/Annika-Jaeger_geschnitten-scaled.jpg?w=2250&amp;ssl=1 2250w\" sizes=\"auto, (max-width: 246px) 100vw, 246px\" \/> Projektkoordinatorin<\/strong><\/p>\n<p>Annika Jaeger, M.A.<\/p>\n<p>04761-983 4608<br \/>\nannika.jaeger(at)lk-row.de<\/p>\n<p>&nbsp;<\/p>\n<p>&nbsp;<\/p>\n<p>&nbsp;<\/p>\n<p>&nbsp;<\/p>\n<p><strong><img data-recalc-dims=\"1\" loading=\"lazy\" decoding=\"async\" data-attachment-id=\"4746\" data-permalink=\"https:\/\/www.bachmann-museum.de\/?attachment_id=4746\" data-orig-file=\"https:\/\/i0.wp.com\/www.bachmann-museum.de\/wp-content\/uploads\/2026\/01\/IMG_6811_quadrat-scaled.jpg?fit=2560%2C2560&amp;ssl=1\" data-orig-size=\"2560,2560\" data-comments-opened=\"0\" data-image-meta=\"{&quot;aperture&quot;:&quot;4.5&quot;,&quot;credit&quot;:&quot;&quot;,&quot;camera&quot;:&quot;Canon EOS 1300D&quot;,&quot;caption&quot;:&quot;&quot;,&quot;created_timestamp&quot;:&quot;1769514362&quot;,&quot;copyright&quot;:&quot;&quot;,&quot;focal_length&quot;:&quot;36&quot;,&quot;iso&quot;:&quot;160&quot;,&quot;shutter_speed&quot;:&quot;0.0125&quot;,&quot;title&quot;:&quot;&quot;,&quot;orientation&quot;:&quot;1&quot;}\" data-image-title=\"2026-01-27_Saskia Otten\" data-image-description=\"\" data-image-caption=\"\" data-large-file=\"https:\/\/i0.wp.com\/www.bachmann-museum.de\/wp-content\/uploads\/2026\/01\/IMG_6811_quadrat-scaled.jpg?fit=750%2C750&amp;ssl=1\" class=\"alignleft wp-image-4746\" src=\"https:\/\/i0.wp.com\/www.bachmann-museum.de\/wp-content\/uploads\/2026\/01\/IMG_6811_quadrat.jpg?resize=246%2C246&#038;ssl=1\" alt=\"\" width=\"246\" height=\"246\" srcset=\"https:\/\/i0.wp.com\/www.bachmann-museum.de\/wp-content\/uploads\/2026\/01\/IMG_6811_quadrat-scaled.jpg?resize=1024%2C1024&amp;ssl=1 1024w, https:\/\/i0.wp.com\/www.bachmann-museum.de\/wp-content\/uploads\/2026\/01\/IMG_6811_quadrat-scaled.jpg?resize=300%2C300&amp;ssl=1 300w, https:\/\/i0.wp.com\/www.bachmann-museum.de\/wp-content\/uploads\/2026\/01\/IMG_6811_quadrat-scaled.jpg?resize=150%2C150&amp;ssl=1 150w, https:\/\/i0.wp.com\/www.bachmann-museum.de\/wp-content\/uploads\/2026\/01\/IMG_6811_quadrat-scaled.jpg?resize=768%2C768&amp;ssl=1 768w, https:\/\/i0.wp.com\/www.bachmann-museum.de\/wp-content\/uploads\/2026\/01\/IMG_6811_quadrat-scaled.jpg?resize=1536%2C1536&amp;ssl=1 1536w, https:\/\/i0.wp.com\/www.bachmann-museum.de\/wp-content\/uploads\/2026\/01\/IMG_6811_quadrat-scaled.jpg?resize=2048%2C2048&amp;ssl=1 2048w, https:\/\/i0.wp.com\/www.bachmann-museum.de\/wp-content\/uploads\/2026\/01\/IMG_6811_quadrat-scaled.jpg?w=2250&amp;ssl=1 2250w\" sizes=\"auto, (max-width: 246px) 100vw, 246px\" \/><\/strong><\/p>\n<p><strong>\u00d6ffentlichkeitsarbeit<\/strong><br \/>\nSaskia Otten, M. A.<\/p>\n<p>04761-983 4606<br \/>\nsaskia.otten(at)lk-row.de<\/p>\n<p>&nbsp;<\/p>\n<p>&nbsp;<\/p>\n<p>&nbsp;<\/p>\n<p>&nbsp;<\/p>\n<p><img data-recalc-dims=\"1\" loading=\"lazy\" decoding=\"async\" data-attachment-id=\"3497\" data-permalink=\"https:\/\/www.bachmann-museum.de\/?attachment_id=3497\" data-orig-file=\"https:\/\/i0.wp.com\/www.bachmann-museum.de\/wp-content\/uploads\/2022\/06\/Peters_Linda2.jpg?fit=2376%2C2376&amp;ssl=1\" data-orig-size=\"2376,2376\" data-comments-opened=\"0\" data-image-meta=\"{&quot;aperture&quot;:&quot;0&quot;,&quot;credit&quot;:&quot;&quot;,&quot;camera&quot;:&quot;&quot;,&quot;caption&quot;:&quot;&quot;,&quot;created_timestamp&quot;:&quot;0&quot;,&quot;copyright&quot;:&quot;&quot;,&quot;focal_length&quot;:&quot;0&quot;,&quot;iso&quot;:&quot;0&quot;,&quot;shutter_speed&quot;:&quot;0&quot;,&quot;title&quot;:&quot;&quot;,&quot;orientation&quot;:&quot;0&quot;}\" data-image-title=\"Peters_Linda2\" data-image-description=\"\" data-image-caption=\"\" data-large-file=\"https:\/\/i0.wp.com\/www.bachmann-museum.de\/wp-content\/uploads\/2022\/06\/Peters_Linda2.jpg?fit=750%2C750&amp;ssl=1\" class=\"alignleft wp-image-3497\" src=\"https:\/\/i0.wp.com\/www.bachmann-museum.de\/wp-content\/uploads\/2022\/06\/Peters_Linda2.jpg?resize=244%2C244&#038;ssl=1\" alt=\"\" width=\"244\" height=\"244\" srcset=\"https:\/\/i0.wp.com\/www.bachmann-museum.de\/wp-content\/uploads\/2022\/06\/Peters_Linda2.jpg?resize=1024%2C1024&amp;ssl=1 1024w, https:\/\/i0.wp.com\/www.bachmann-museum.de\/wp-content\/uploads\/2022\/06\/Peters_Linda2.jpg?resize=300%2C300&amp;ssl=1 300w, https:\/\/i0.wp.com\/www.bachmann-museum.de\/wp-content\/uploads\/2022\/06\/Peters_Linda2.jpg?resize=150%2C150&amp;ssl=1 150w, https:\/\/i0.wp.com\/www.bachmann-museum.de\/wp-content\/uploads\/2022\/06\/Peters_Linda2.jpg?resize=768%2C768&amp;ssl=1 768w, https:\/\/i0.wp.com\/www.bachmann-museum.de\/wp-content\/uploads\/2022\/06\/Peters_Linda2.jpg?resize=1536%2C1536&amp;ssl=1 1536w, https:\/\/i0.wp.com\/www.bachmann-museum.de\/wp-content\/uploads\/2022\/06\/Peters_Linda2.jpg?resize=2048%2C2048&amp;ssl=1 2048w, https:\/\/i0.wp.com\/www.bachmann-museum.de\/wp-content\/uploads\/2022\/06\/Peters_Linda2.jpg?w=2250&amp;ssl=1 2250w\" sizes=\"auto, (max-width: 244px) 100vw, 244px\" \/><strong>Verwaltung und Organisation<\/strong><\/p>\n<p>Linda Peters<\/p>\n<p>04761-983 4603<br \/>\nmuseum(at)lk-row.de<\/p>\n<p>&nbsp;<\/p>\n<p>&nbsp;<\/p>\n<p>&nbsp;<\/p>\n<p>&nbsp;<\/p>\n<p><strong><br \/>\n<\/strong><br \/>\n<strong> Studentische Hilfskraft<\/strong><br \/>\nN. N.<\/p>\n<p>&nbsp;<\/p>\n<p>&nbsp;<\/p>\n<p>&nbsp;<\/p>\n<p>&nbsp;<\/p>\n","protected":false},"excerpt":{"rendered":"<p>Allgemein Bachmann-Museum Bremerv\u00f6rde Amtsallee 8 27432 Bremerv\u00f6rde Telefon: 04761-983 4603 Telefax: 04761-983 4610 Email: museum(at)lk-row.de &nbsp; &nbsp; Alle Email-Adressen auf dieser Seite wurden zum Schutz vor Malware nicht funktionsf\u00e4hig ausgeschrieben. Bitte ersetzen Sie in Ihrer Email das (at) durch @. l Ansprechpartner Museumsleiterin, Gesch\u00e4ftsf\u00fchrerin der Stiftung Bachmann-Museum Ellen Horstrup, M.A. 04761-983 4602 ellen.horstrup(at)lk-row.de kkk &nbsp; [&hellip;]<\/p>\n","protected":false},"author":1,"featured_media":0,"parent":0,"menu_order":4,"comment_status":"closed","ping_status":"open","template":"","meta":{"footnotes":""},"class_list":["post-12","page","type-page","status-publish","hentry"],"yoast_head":"<!-- This site is optimized with the Yoast SEO plugin v27.5 - https:\/\/yoast.com\/product\/yoast-seo-wordpress\/ -->\n<title>Service &amp; Kontakt - Bachmann-Museum Bremerv\u00f6rde<\/title>\n<meta name=\"robots\" content=\"index, follow, max-snippet:-1, max-image-preview:large, max-video-preview:-1\" \/>\n<link rel=\"canonical\" href=\"https:\/\/www.bachmann-museum.de\/?page_id=12\" \/>\n<meta property=\"og:locale\" content=\"de_DE\" \/>\n<meta property=\"og:type\" content=\"article\" \/>\n<meta property=\"og:title\" content=\"Service &amp; Kontakt - Bachmann-Museum Bremerv\u00f6rde\" \/>\n<meta property=\"og:description\" content=\"Allgemein Bachmann-Museum Bremerv\u00f6rde Amtsallee 8 27432 Bremerv\u00f6rde Telefon: 04761-983 4603 Telefax: 04761-983 4610 Email: museum(at)lk-row.de &nbsp; &nbsp; Alle Email-Adressen auf dieser Seite wurden zum Schutz vor Malware nicht funktionsf\u00e4hig ausgeschrieben. Bitte ersetzen Sie in Ihrer Email das (at) durch @. l Ansprechpartner Museumsleiterin, Gesch\u00e4ftsf\u00fchrerin der Stiftung Bachmann-Museum Ellen Horstrup, M.A. 04761-983 4602 ellen.horstrup(at)lk-row.de kkk &nbsp; [&hellip;]\" \/>\n<meta property=\"og:url\" content=\"https:\/\/www.bachmann-museum.de\/?page_id=12\" \/>\n<meta property=\"og:site_name\" content=\"Bachmann-Museum Bremerv\u00f6rde\" \/>\n<meta property=\"article:modified_time\" content=\"2026-01-27T11:09:51+00:00\" \/>\n<meta property=\"og:image\" content=\"http:\/\/www.bachmann-museum.de\/wp-content\/uploads\/2014\/11\/Kontakt_Haus.jpg\" \/>\n<meta name=\"twitter:card\" content=\"summary_large_image\" \/>\n<meta name=\"twitter:label1\" content=\"Gesch\u00e4tzte Lesezeit\" \/>\n\t<meta name=\"twitter:data1\" content=\"1\u00a0Minute\" \/>\n<script type=\"application\/ld+json\" class=\"yoast-schema-graph\">{\"@context\":\"https:\\\/\\\/schema.org\",\"@graph\":[{\"@type\":\"WebPage\",\"@id\":\"https:\\\/\\\/www.bachmann-museum.de\\\/?page_id=12\",\"url\":\"https:\\\/\\\/www.bachmann-museum.de\\\/?page_id=12\",\"name\":\"Service & Kontakt - Bachmann-Museum Bremerv\u00f6rde\",\"isPartOf\":{\"@id\":\"https:\\\/\\\/www.bachmann-museum.de\\\/#website\"},\"primaryImageOfPage\":{\"@id\":\"https:\\\/\\\/www.bachmann-museum.de\\\/?page_id=12#primaryimage\"},\"image\":{\"@id\":\"https:\\\/\\\/www.bachmann-museum.de\\\/?page_id=12#primaryimage\"},\"thumbnailUrl\":\"http:\\\/\\\/www.bachmann-museum.de\\\/wp-content\\\/uploads\\\/2014\\\/11\\\/Kontakt_Haus.jpg\",\"datePublished\":\"2014-11-26T08:48:03+00:00\",\"dateModified\":\"2026-01-27T11:09:51+00:00\",\"breadcrumb\":{\"@id\":\"https:\\\/\\\/www.bachmann-museum.de\\\/?page_id=12#breadcrumb\"},\"inLanguage\":\"de\",\"potentialAction\":[{\"@type\":\"ReadAction\",\"target\":[\"https:\\\/\\\/www.bachmann-museum.de\\\/?page_id=12\"]}]},{\"@type\":\"ImageObject\",\"inLanguage\":\"de\",\"@id\":\"https:\\\/\\\/www.bachmann-museum.de\\\/?page_id=12#primaryimage\",\"url\":\"http:\\\/\\\/www.bachmann-museum.de\\\/wp-content\\\/uploads\\\/2014\\\/11\\\/Kontakt_Haus.jpg\",\"contentUrl\":\"http:\\\/\\\/www.bachmann-museum.de\\\/wp-content\\\/uploads\\\/2014\\\/11\\\/Kontakt_Haus.jpg\"},{\"@type\":\"BreadcrumbList\",\"@id\":\"https:\\\/\\\/www.bachmann-museum.de\\\/?page_id=12#breadcrumb\",\"itemListElement\":[{\"@type\":\"ListItem\",\"position\":1,\"name\":\"Start\",\"item\":\"https:\\\/\\\/www.bachmann-museum.de\\\/\"},{\"@type\":\"ListItem\",\"position\":2,\"name\":\"Service &#038; Kontakt\"}]},{\"@type\":\"WebSite\",\"@id\":\"https:\\\/\\\/www.bachmann-museum.de\\\/#website\",\"url\":\"https:\\\/\\\/www.bachmann-museum.de\\\/\",\"name\":\"Bachmann-Museum Bremerv\u00f6rde\",\"description\":\"\",\"potentialAction\":[{\"@type\":\"SearchAction\",\"target\":{\"@type\":\"EntryPoint\",\"urlTemplate\":\"https:\\\/\\\/www.bachmann-museum.de\\\/?s={search_term_string}\"},\"query-input\":{\"@type\":\"PropertyValueSpecification\",\"valueRequired\":true,\"valueName\":\"search_term_string\"}}],\"inLanguage\":\"de\"}]}<\/script>\n<!-- \/ Yoast SEO plugin. -->","yoast_head_json":{"title":"Service & Kontakt - Bachmann-Museum Bremerv\u00f6rde","robots":{"index":"index","follow":"follow","max-snippet":"max-snippet:-1","max-image-preview":"max-image-preview:large","max-video-preview":"max-video-preview:-1"},"canonical":"https:\/\/www.bachmann-museum.de\/?page_id=12","og_locale":"de_DE","og_type":"article","og_title":"Service & Kontakt - Bachmann-Museum Bremerv\u00f6rde","og_description":"Allgemein Bachmann-Museum Bremerv\u00f6rde Amtsallee 8 27432 Bremerv\u00f6rde Telefon: 04761-983 4603 Telefax: 04761-983 4610 Email: museum(at)lk-row.de &nbsp; &nbsp; Alle Email-Adressen auf dieser Seite wurden zum Schutz vor Malware nicht funktionsf\u00e4hig ausgeschrieben. Bitte ersetzen Sie in Ihrer Email das (at) durch @. l Ansprechpartner Museumsleiterin, Gesch\u00e4ftsf\u00fchrerin der Stiftung Bachmann-Museum Ellen Horstrup, M.A. 04761-983 4602 ellen.horstrup(at)lk-row.de kkk &nbsp; [&hellip;]","og_url":"https:\/\/www.bachmann-museum.de\/?page_id=12","og_site_name":"Bachmann-Museum Bremerv\u00f6rde","article_modified_time":"2026-01-27T11:09:51+00:00","og_image":[{"url":"http:\/\/www.bachmann-museum.de\/wp-content\/uploads\/2014\/11\/Kontakt_Haus.jpg","type":"","width":"","height":""}],"twitter_card":"summary_large_image","twitter_misc":{"Gesch\u00e4tzte Lesezeit":"1\u00a0Minute"},"schema":{"@context":"https:\/\/schema.org","@graph":[{"@type":"WebPage","@id":"https:\/\/www.bachmann-museum.de\/?page_id=12","url":"https:\/\/www.bachmann-museum.de\/?page_id=12","name":"Service & Kontakt - Bachmann-Museum Bremerv\u00f6rde","isPartOf":{"@id":"https:\/\/www.bachmann-museum.de\/#website"},"primaryImageOfPage":{"@id":"https:\/\/www.bachmann-museum.de\/?page_id=12#primaryimage"},"image":{"@id":"https:\/\/www.bachmann-museum.de\/?page_id=12#primaryimage"},"thumbnailUrl":"http:\/\/www.bachmann-museum.de\/wp-content\/uploads\/2014\/11\/Kontakt_Haus.jpg","datePublished":"2014-11-26T08:48:03+00:00","dateModified":"2026-01-27T11:09:51+00:00","breadcrumb":{"@id":"https:\/\/www.bachmann-museum.de\/?page_id=12#breadcrumb"},"inLanguage":"de","potentialAction":[{"@type":"ReadAction","target":["https:\/\/www.bachmann-museum.de\/?page_id=12"]}]},{"@type":"ImageObject","inLanguage":"de","@id":"https:\/\/www.bachmann-museum.de\/?page_id=12#primaryimage","url":"http:\/\/www.bachmann-museum.de\/wp-content\/uploads\/2014\/11\/Kontakt_Haus.jpg","contentUrl":"http:\/\/www.bachmann-museum.de\/wp-content\/uploads\/2014\/11\/Kontakt_Haus.jpg"},{"@type":"BreadcrumbList","@id":"https:\/\/www.bachmann-museum.de\/?page_id=12#breadcrumb","itemListElement":[{"@type":"ListItem","position":1,"name":"Start","item":"https:\/\/www.bachmann-museum.de\/"},{"@type":"ListItem","position":2,"name":"Service &#038; Kontakt"}]},{"@type":"WebSite","@id":"https:\/\/www.bachmann-museum.de\/#website","url":"https:\/\/www.bachmann-museum.de\/","name":"Bachmann-Museum Bremerv\u00f6rde","description":"","potentialAction":[{"@type":"SearchAction","target":{"@type":"EntryPoint","urlTemplate":"https:\/\/www.bachmann-museum.de\/?s={search_term_string}"},"query-input":{"@type":"PropertyValueSpecification","valueRequired":true,"valueName":"search_term_string"}}],"inLanguage":"de"}]}},"jetpack_sharing_enabled":true,"jetpack_shortlink":"https:\/\/wp.me\/P5DgYi-c","jetpack-related-posts":[],"_links":{"self":[{"href":"https:\/\/www.bachmann-museum.de\/index.php?rest_route=\/wp\/v2\/pages\/12","targetHints":{"allow":["GET"]}}],"collection":[{"href":"https:\/\/www.bachmann-museum.de\/index.php?rest_route=\/wp\/v2\/pages"}],"about":[{"href":"https:\/\/www.bachmann-museum.de\/index.php?rest_route=\/wp\/v2\/types\/page"}],"author":[{"embeddable":true,"href":"https:\/\/www.bachmann-museum.de\/index.php?rest_route=\/wp\/v2\/users\/1"}],"replies":[{"embeddable":true,"href":"https:\/\/www.bachmann-museum.de\/index.php?rest_route=%2Fwp%2Fv2%2Fcomments&post=12"}],"version-history":[{"count":105,"href":"https:\/\/www.bachmann-museum.de\/index.php?rest_route=\/wp\/v2\/pages\/12\/revisions"}],"predecessor-version":[{"id":4748,"href":"https:\/\/www.bachmann-museum.de\/index.php?rest_route=\/wp\/v2\/pages\/12\/revisions\/4748"}],"wp:attachment":[{"href":"https:\/\/www.bachmann-museum.de\/index.php?rest_route=%2Fwp%2Fv2%2Fmedia&parent=12"}],"curies":[{"name":"wp","href":"https:\/\/api.w.org\/{rel}","templated":true}]}}